{"id":219,"date":"2023-05-30T14:32:13","date_gmt":"2023-05-30T17:32:13","guid":{"rendered":"https:\/\/camaraimediatto.com.br\/2023\/?page_id=219"},"modified":"2025-09-02T09:18:18","modified_gmt":"2025-09-02T12:18:18","slug":"profissionais","status":"publish","type":"page","link":"https:\/\/camaraimediatto.com.br\/2023\/profissionais\/","title":{"rendered":"Profissionais"},"content":{"rendered":"\t\t<div data-elementor-type=\"wp-page\" data-elementor-id=\"219\" class=\"elementor elementor-219\" data-elementor-post-type=\"page\">\n\t\t\t\t\t\t<section class=\"elementor-section elementor-top-section elementor-element elementor-element-440e71f6 elementor-section-content-middle elementor-section-boxed elementor-section-height-default elementor-section-height-default\" data-id=\"440e71f6\" data-element_type=\"section\" data-settings=\"{&quot;background_background&quot;:&quot;classic&quot;}\">\n\t\t\t\t\t\t\t<div class=\"elementor-background-overlay\"><\/div>\n\t\t\t\t\t\t\t<div class=\"elementor-container elementor-column-gap-no\">\n\t\t\t\t\t<div class=\"elementor-column elementor-col-100 elementor-top-column elementor-element elementor-element-2bc20585 elementor-invisible\" data-id=\"2bc20585\" data-element_type=\"column\" data-settings=\"{&quot;animation&quot;:&quot;fadeInUp&quot;}\">\n\t\t\t<div class=\"elementor-widget-wrap elementor-element-populated\">\n\t\t\t\t\t\t<div class=\"elementor-element elementor-element-7b744829 elementor-widget elementor-widget-heading\" data-id=\"7b744829\" data-element_type=\"widget\" data-widget_type=\"heading.default\">\n\t\t\t\t<div class=\"elementor-widget-container\">\n\t\t\t\t\t<span class=\"elementor-heading-title elementor-size-default\">[ CAMARA IMEDIATTO ]<\/span>\t\t\t\t<\/div>\n\t\t\t\t<\/div>\n\t\t\t\t<div class=\"elementor-element elementor-element-16055b8e elementor-icon-list--layout-inline elementor-list-item-link-full_width elementor-widget elementor-widget-icon-list\" data-id=\"16055b8e\" data-element_type=\"widget\" data-widget_type=\"icon-list.default\">\n\t\t\t\t<div class=\"elementor-widget-container\">\n\t\t\t\t\t\t\t<ul class=\"elementor-icon-list-items elementor-inline-items\">\n\t\t\t\t\t\t\t<li class=\"elementor-icon-list-item elementor-inline-item\">\n\t\t\t\t\t\t\t\t\t\t\t<a href=\"#\">\n\n\t\t\t\t\t\t\t\t\t\t\t<span class=\"elementor-icon-list-text\">Home<\/span>\n\t\t\t\t\t\t\t\t\t\t\t<\/a>\n\t\t\t\t\t\t\t\t\t<\/li>\n\t\t\t\t\t\t\t\t<li class=\"elementor-icon-list-item elementor-inline-item\">\n\t\t\t\t\t\t\t\t\t\t\t<span class=\"elementor-icon-list-icon\">\n\t\t\t\t\t\t\t<i aria-hidden=\"true\" class=\"fas fa-angle-right\"><\/i>\t\t\t\t\t\t<\/span>\n\t\t\t\t\t\t\t\t\t\t<span class=\"elementor-icon-list-text\"><\/span>\n\t\t\t\t\t\t\t\t\t<\/li>\n\t\t\t\t\t\t<\/ul>\n\t\t\t\t\t\t<\/div>\n\t\t\t\t<\/div>\n\t\t\t\t\t<\/div>\n\t\t<\/div>\n\t\t\t\t\t<\/div>\n\t\t<\/section>\n\t\t\t\t<section class=\"elementor-section elementor-top-section elementor-element elementor-element-77a5a321 elementor-hidden-tablet elementor-hidden-mobile elementor-section-boxed elementor-section-height-default elementor-section-height-default\" data-id=\"77a5a321\" data-element_type=\"section\">\n\t\t\t\t\t\t<div class=\"elementor-container elementor-column-gap-no\">\n\t\t\t\t\t<div class=\"elementor-column elementor-col-100 elementor-top-column elementor-element elementor-element-29b33950\" data-id=\"29b33950\" data-element_type=\"column\">\n\t\t\t<div class=\"elementor-widget-wrap elementor-element-populated\">\n\t\t\t\t\t\t<section class=\"elementor-section elementor-inner-section elementor-element elementor-element-16053d0d elementor-section-boxed elementor-section-height-default elementor-section-height-default elementor-invisible\" data-id=\"16053d0d\" data-element_type=\"section\" data-settings=\"{&quot;animation&quot;:&quot;fadeInUp&quot;}\">\n\t\t\t\t\t\t<div class=\"elementor-container elementor-column-gap-no\">\n\t\t\t\t\t<div class=\"elementor-column elementor-col-100 elementor-inner-column elementor-element elementor-element-70052f5f\" data-id=\"70052f5f\" data-element_type=\"column\">\n\t\t\t<div class=\"elementor-widget-wrap elementor-element-populated\">\n\t\t\t\t\t\t<div class=\"elementor-element elementor-element-4e5cf4bc elementor-widget elementor-widget-heading\" data-id=\"4e5cf4bc\" data-element_type=\"widget\" data-widget_type=\"heading.default\">\n\t\t\t\t<div class=\"elementor-widget-container\">\n\t\t\t\t\t<span class=\"elementor-heading-title elementor-size-default\">[ CAMARA IMEDIATTO ]<\/span>\t\t\t\t<\/div>\n\t\t\t\t<\/div>\n\t\t\t\t<div class=\"elementor-element elementor-element-496798a8 elementor-widget elementor-widget-heading\" data-id=\"496798a8\" data-element_type=\"widget\" data-widget_type=\"heading.default\">\n\t\t\t\t<div class=\"elementor-widget-container\">\n\t\t\t\t\t<h2 class=\"elementor-heading-title elementor-size-default\">Nossa Equipe<\/h2>\t\t\t\t<\/div>\n\t\t\t\t<\/div>\n\t\t\t\t\t<\/div>\n\t\t<\/div>\n\t\t\t\t\t<\/div>\n\t\t<\/section>\n\t\t\t\t<section class=\"elementor-section elementor-inner-section elementor-element elementor-element-11971b7b elementor-section-boxed elementor-section-height-default elementor-section-height-default elementor-invisible\" data-id=\"11971b7b\" data-element_type=\"section\" data-settings=\"{&quot;animation&quot;:&quot;fadeInUp&quot;}\">\n\t\t\t\t\t\t<div class=\"elementor-container elementor-column-gap-no\">\n\t\t\t\t\t<div class=\"elementor-column elementor-col-33 elementor-inner-column elementor-element elementor-element-145ca03d\" data-id=\"145ca03d\" data-element_type=\"column\">\n\t\t\t<div class=\"elementor-widget-wrap elementor-element-populated\">\n\t\t\t\t\t\t<section class=\"elementor-section elementor-inner-section elementor-element elementor-element-5fd47051 elementor-section-boxed elementor-section-height-default elementor-section-height-default\" data-id=\"5fd47051\" data-element_type=\"section\">\n\t\t\t\t\t\t<div class=\"elementor-container elementor-column-gap-no\">\n\t\t\t\t\t<div class=\"elementor-column elementor-col-100 elementor-inner-column elementor-element elementor-element-76d4033c\" data-id=\"76d4033c\" data-element_type=\"column\">\n\t\t\t<div class=\"elementor-widget-wrap elementor-element-populated\">\n\t\t\t\t\t\t<div class=\"elementor-element elementor-element-a39fa6b elementor-widget elementor-widget-image\" data-id=\"a39fa6b\" data-element_type=\"widget\" data-widget_type=\"image.default\">\n\t\t\t\t<div class=\"elementor-widget-container\">\n\t\t\t\t\t\t\t\t\t\t\t\t\t\t\t<img fetchpriority=\"high\" decoding=\"async\" width=\"857\" height=\"556\" src=\"https:\/\/camaraimediatto.com.br\/2023\/wp-content\/uploads\/2023\/06\/Carlos-Eduardo-Montenegro-Prado.jpg\" class=\"attachment-full size-full wp-image-300\" alt=\"\" srcset=\"https:\/\/camaraimediatto.com.br\/2023\/wp-content\/uploads\/2023\/06\/Carlos-Eduardo-Montenegro-Prado.jpg 857w, https:\/\/camaraimediatto.com.br\/2023\/wp-content\/uploads\/2023\/06\/Carlos-Eduardo-Montenegro-Prado-300x195.jpg 300w, https:\/\/camaraimediatto.com.br\/2023\/wp-content\/uploads\/2023\/06\/Carlos-Eduardo-Montenegro-Prado-768x498.jpg 768w\" sizes=\"(max-width: 857px) 100vw, 857px\" \/>\t\t\t\t\t\t\t\t\t\t\t\t\t\t\t<\/div>\n\t\t\t\t<\/div>\n\t\t\t\t\t<\/div>\n\t\t<\/div>\n\t\t\t\t\t<\/div>\n\t\t<\/section>\n\t\t\t\t<section class=\"elementor-section elementor-inner-section elementor-element elementor-element-2615f0a6 elementor-section-boxed elementor-section-height-default elementor-section-height-default\" data-id=\"2615f0a6\" data-element_type=\"section\">\n\t\t\t\t\t\t<div class=\"elementor-container elementor-column-gap-no\">\n\t\t\t\t\t<div class=\"elementor-column elementor-col-100 elementor-inner-column elementor-element elementor-element-2fb25b2b\" data-id=\"2fb25b2b\" data-element_type=\"column\" data-settings=\"{&quot;background_background&quot;:&quot;classic&quot;}\">\n\t\t\t<div class=\"elementor-widget-wrap elementor-element-populated\">\n\t\t\t\t\t\t<div class=\"elementor-element elementor-element-f8ffc9c elementor-widget elementor-widget-heading\" data-id=\"f8ffc9c\" data-element_type=\"widget\" data-widget_type=\"heading.default\">\n\t\t\t\t<div class=\"elementor-widget-container\">\n\t\t\t\t\t<h6 class=\"elementor-heading-title elementor-size-default\">Carlos Eduardo M. Prado<\/h6>\t\t\t\t<\/div>\n\t\t\t\t<\/div>\n\t\t\t\t<div class=\"elementor-element elementor-element-494ccab elementor-widget elementor-widget-heading\" data-id=\"494ccab\" data-element_type=\"widget\" data-widget_type=\"heading.default\">\n\t\t\t\t<div class=\"elementor-widget-container\">\n\t\t\t\t\t<span class=\"elementor-heading-title elementor-size-default\">\u00c1rbitro, Negociador e Mediador<\/span>\t\t\t\t<\/div>\n\t\t\t\t<\/div>\n\t\t\t\t<div class=\"elementor-element elementor-element-2ccd3b6 elementor-widget elementor-widget-button\" data-id=\"2ccd3b6\" data-element_type=\"widget\" data-widget_type=\"button.default\">\n\t\t\t\t<div class=\"elementor-widget-container\">\n\t\t\t\t\t\t\t\t\t<div class=\"elementor-button-wrapper\">\n\t\t\t\t\t<a class=\"elementor-button elementor-button-link elementor-size-sm elementor-animation-pulse-grow\" href=\"#carlos\">\n\t\t\t\t\t\t<span class=\"elementor-button-content-wrapper\">\n\t\t\t\t\t\t\t\t\t<span class=\"elementor-button-text\"> SAIBA MAIS<\/span>\n\t\t\t\t\t<\/span>\n\t\t\t\t\t<\/a>\n\t\t\t\t<\/div>\n\t\t\t\t\t\t\t\t<\/div>\n\t\t\t\t<\/div>\n\t\t\t\t\t<\/div>\n\t\t<\/div>\n\t\t\t\t\t<\/div>\n\t\t<\/section>\n\t\t\t\t\t<\/div>\n\t\t<\/div>\n\t\t\t\t<div class=\"elementor-column elementor-col-33 elementor-inner-column elementor-element elementor-element-7fb0b555\" data-id=\"7fb0b555\" data-element_type=\"column\">\n\t\t\t<div class=\"elementor-widget-wrap elementor-element-populated\">\n\t\t\t\t\t\t<section class=\"elementor-section elementor-inner-section elementor-element elementor-element-7e8a6229 elementor-section-boxed elementor-section-height-default elementor-section-height-default\" data-id=\"7e8a6229\" data-element_type=\"section\">\n\t\t\t\t\t\t<div class=\"elementor-container elementor-column-gap-no\">\n\t\t\t\t\t<div class=\"elementor-column elementor-col-100 elementor-inner-column elementor-element elementor-element-59221cfd\" data-id=\"59221cfd\" data-element_type=\"column\">\n\t\t\t<div class=\"elementor-widget-wrap elementor-element-populated\">\n\t\t\t\t\t\t<div class=\"elementor-element elementor-element-30fc74e6 elementor-widget elementor-widget-image\" data-id=\"30fc74e6\" data-element_type=\"widget\" data-widget_type=\"image.default\">\n\t\t\t\t<div class=\"elementor-widget-container\">\n\t\t\t\t\t\t\t\t\t\t\t\t\t\t\t<img decoding=\"async\" width=\"857\" height=\"556\" src=\"https:\/\/camaraimediatto.com.br\/2023\/wp-content\/uploads\/2023\/06\/Daniel-Batista-Stahelin.jpg\" class=\"attachment-full size-full wp-image-301\" alt=\"\" srcset=\"https:\/\/camaraimediatto.com.br\/2023\/wp-content\/uploads\/2023\/06\/Daniel-Batista-Stahelin.jpg 857w, https:\/\/camaraimediatto.com.br\/2023\/wp-content\/uploads\/2023\/06\/Daniel-Batista-Stahelin-300x195.jpg 300w, https:\/\/camaraimediatto.com.br\/2023\/wp-content\/uploads\/2023\/06\/Daniel-Batista-Stahelin-768x498.jpg 768w\" sizes=\"(max-width: 857px) 100vw, 857px\" \/>\t\t\t\t\t\t\t\t\t\t\t\t\t\t\t<\/div>\n\t\t\t\t<\/div>\n\t\t\t\t\t<\/div>\n\t\t<\/div>\n\t\t\t\t\t<\/div>\n\t\t<\/section>\n\t\t\t\t<section class=\"elementor-section elementor-inner-section elementor-element elementor-element-c9d083e elementor-section-boxed elementor-section-height-default elementor-section-height-default\" data-id=\"c9d083e\" data-element_type=\"section\">\n\t\t\t\t\t\t<div class=\"elementor-container elementor-column-gap-no\">\n\t\t\t\t\t<div class=\"elementor-column elementor-col-100 elementor-inner-column elementor-element elementor-element-1d55fb23\" data-id=\"1d55fb23\" data-element_type=\"column\" data-settings=\"{&quot;background_background&quot;:&quot;classic&quot;}\">\n\t\t\t<div class=\"elementor-widget-wrap elementor-element-populated\">\n\t\t\t\t\t\t<div class=\"elementor-element elementor-element-223c6c35 elementor-widget elementor-widget-heading\" data-id=\"223c6c35\" data-element_type=\"widget\" data-widget_type=\"heading.default\">\n\t\t\t\t<div class=\"elementor-widget-container\">\n\t\t\t\t\t<h6 class=\"elementor-heading-title elementor-size-default\">Daniel Batista St\u00e4helin<\/h6>\t\t\t\t<\/div>\n\t\t\t\t<\/div>\n\t\t\t\t<div class=\"elementor-element elementor-element-4c9602e0 elementor-widget elementor-widget-heading\" data-id=\"4c9602e0\" data-element_type=\"widget\" data-widget_type=\"heading.default\">\n\t\t\t\t<div class=\"elementor-widget-container\">\n\t\t\t\t\t<span class=\"elementor-heading-title elementor-size-default\">Advogado e Mediador<\/span>\t\t\t\t<\/div>\n\t\t\t\t<\/div>\n\t\t\t\t<div class=\"elementor-element elementor-element-5bdff8c elementor-widget elementor-widget-button\" data-id=\"5bdff8c\" data-element_type=\"widget\" data-widget_type=\"button.default\">\n\t\t\t\t<div class=\"elementor-widget-container\">\n\t\t\t\t\t\t\t\t\t<div class=\"elementor-button-wrapper\">\n\t\t\t\t\t<a class=\"elementor-button elementor-button-link elementor-size-sm elementor-animation-pulse-grow\" href=\"#daniel\">\n\t\t\t\t\t\t<span class=\"elementor-button-content-wrapper\">\n\t\t\t\t\t\t\t\t\t<span class=\"elementor-button-text\"> SAIBA MAIS<\/span>\n\t\t\t\t\t<\/span>\n\t\t\t\t\t<\/a>\n\t\t\t\t<\/div>\n\t\t\t\t\t\t\t\t<\/div>\n\t\t\t\t<\/div>\n\t\t\t\t\t<\/div>\n\t\t<\/div>\n\t\t\t\t\t<\/div>\n\t\t<\/section>\n\t\t\t\t\t<\/div>\n\t\t<\/div>\n\t\t\t\t<div class=\"elementor-column elementor-col-33 elementor-inner-column elementor-element elementor-element-46375f3f\" data-id=\"46375f3f\" data-element_type=\"column\">\n\t\t\t<div class=\"elementor-widget-wrap elementor-element-populated\">\n\t\t\t\t\t\t<section class=\"elementor-section elementor-inner-section elementor-element elementor-element-77762a81 elementor-section-boxed elementor-section-height-default elementor-section-height-default\" data-id=\"77762a81\" data-element_type=\"section\">\n\t\t\t\t\t\t<div class=\"elementor-container elementor-column-gap-no\">\n\t\t\t\t\t<div class=\"elementor-column elementor-col-100 elementor-inner-column elementor-element elementor-element-b5de55a\" data-id=\"b5de55a\" data-element_type=\"column\">\n\t\t\t<div class=\"elementor-widget-wrap elementor-element-populated\">\n\t\t\t\t\t\t<div class=\"elementor-element elementor-element-e0b84b0 elementor-widget elementor-widget-image\" data-id=\"e0b84b0\" data-element_type=\"widget\" data-widget_type=\"image.default\">\n\t\t\t\t<div class=\"elementor-widget-container\">\n\t\t\t\t\t\t\t\t\t\t\t\t\t\t\t<img decoding=\"async\" width=\"857\" height=\"556\" src=\"https:\/\/camaraimediatto.com.br\/2023\/wp-content\/uploads\/2023\/06\/Walcleia-Montenegro.jpg\" class=\"attachment-full size-full wp-image-302\" alt=\"\" srcset=\"https:\/\/camaraimediatto.com.br\/2023\/wp-content\/uploads\/2023\/06\/Walcleia-Montenegro.jpg 857w, https:\/\/camaraimediatto.com.br\/2023\/wp-content\/uploads\/2023\/06\/Walcleia-Montenegro-300x195.jpg 300w, https:\/\/camaraimediatto.com.br\/2023\/wp-content\/uploads\/2023\/06\/Walcleia-Montenegro-768x498.jpg 768w\" sizes=\"(max-width: 857px) 100vw, 857px\" \/>\t\t\t\t\t\t\t\t\t\t\t\t\t\t\t<\/div>\n\t\t\t\t<\/div>\n\t\t\t\t\t<\/div>\n\t\t<\/div>\n\t\t\t\t\t<\/div>\n\t\t<\/section>\n\t\t\t\t<section class=\"elementor-section elementor-inner-section elementor-element elementor-element-336468d4 elementor-section-boxed elementor-section-height-default elementor-section-height-default\" data-id=\"336468d4\" data-element_type=\"section\">\n\t\t\t\t\t\t<div class=\"elementor-container elementor-column-gap-no\">\n\t\t\t\t\t<div class=\"elementor-column elementor-col-100 elementor-inner-column elementor-element elementor-element-74e23c1a\" data-id=\"74e23c1a\" data-element_type=\"column\" data-settings=\"{&quot;background_background&quot;:&quot;classic&quot;}\">\n\t\t\t<div class=\"elementor-widget-wrap elementor-element-populated\">\n\t\t\t\t\t\t<div class=\"elementor-element elementor-element-69f7de6 elementor-widget elementor-widget-heading\" data-id=\"69f7de6\" data-element_type=\"widget\" data-widget_type=\"heading.default\">\n\t\t\t\t<div class=\"elementor-widget-container\">\n\t\t\t\t\t<h6 class=\"elementor-heading-title elementor-size-default\">Walcl\u00e9ia Montenegro<\/h6>\t\t\t\t<\/div>\n\t\t\t\t<\/div>\n\t\t\t\t<div class=\"elementor-element elementor-element-6076eb1d elementor-widget elementor-widget-heading\" data-id=\"6076eb1d\" data-element_type=\"widget\" data-widget_type=\"heading.default\">\n\t\t\t\t<div class=\"elementor-widget-container\">\n\t\t\t\t\t<span class=\"elementor-heading-title elementor-size-default\">Consultoria Jur\u00eddica, Mediadora e Advogad<\/span>\t\t\t\t<\/div>\n\t\t\t\t<\/div>\n\t\t\t\t<div class=\"elementor-element elementor-element-14f1f37 elementor-widget elementor-widget-button\" data-id=\"14f1f37\" data-element_type=\"widget\" data-widget_type=\"button.default\">\n\t\t\t\t<div class=\"elementor-widget-container\">\n\t\t\t\t\t\t\t\t\t<div class=\"elementor-button-wrapper\">\n\t\t\t\t\t<a class=\"elementor-button elementor-button-link elementor-size-sm elementor-animation-pulse-grow\" href=\"#walcleia\">\n\t\t\t\t\t\t<span class=\"elementor-button-content-wrapper\">\n\t\t\t\t\t\t\t\t\t<span class=\"elementor-button-text\"> SAIBA MAIS<\/span>\n\t\t\t\t\t<\/span>\n\t\t\t\t\t<\/a>\n\t\t\t\t<\/div>\n\t\t\t\t\t\t\t\t<\/div>\n\t\t\t\t<\/div>\n\t\t\t\t\t<\/div>\n\t\t<\/div>\n\t\t\t\t\t<\/div>\n\t\t<\/section>\n\t\t\t\t\t<\/div>\n\t\t<\/div>\n\t\t\t\t\t<\/div>\n\t\t<\/section>\n\t\t\t\t\t<\/div>\n\t\t<\/div>\n\t\t\t\t\t<\/div>\n\t\t<\/section>\n\t\t\t\t<section class=\"elementor-section elementor-top-section elementor-element elementor-element-92b79bf elementor-hidden-desktop elementor-section-boxed elementor-section-height-default elementor-section-height-default\" data-id=\"92b79bf\" data-element_type=\"section\">\n\t\t\t\t\t\t<div class=\"elementor-container elementor-column-gap-no\">\n\t\t\t\t\t<div class=\"elementor-column elementor-col-100 elementor-top-column elementor-element elementor-element-31b0f81\" data-id=\"31b0f81\" data-element_type=\"column\">\n\t\t\t<div class=\"elementor-widget-wrap elementor-element-populated\">\n\t\t\t\t\t\t<section class=\"elementor-section elementor-inner-section elementor-element elementor-element-7664a9a elementor-section-boxed elementor-section-height-default elementor-section-height-default elementor-invisible\" data-id=\"7664a9a\" data-element_type=\"section\" data-settings=\"{&quot;animation&quot;:&quot;fadeInUp&quot;}\">\n\t\t\t\t\t\t<div class=\"elementor-container elementor-column-gap-no\">\n\t\t\t\t\t<div class=\"elementor-column elementor-col-100 elementor-inner-column elementor-element elementor-element-e4eed14\" data-id=\"e4eed14\" data-element_type=\"column\">\n\t\t\t<div class=\"elementor-widget-wrap elementor-element-populated\">\n\t\t\t\t\t\t<div class=\"elementor-element elementor-element-1177ea7 elementor-widget elementor-widget-heading\" data-id=\"1177ea7\" data-element_type=\"widget\" data-widget_type=\"heading.default\">\n\t\t\t\t<div class=\"elementor-widget-container\">\n\t\t\t\t\t<span class=\"elementor-heading-title elementor-size-default\">[ CAMARA IMEDIATTO ]<\/span>\t\t\t\t<\/div>\n\t\t\t\t<\/div>\n\t\t\t\t<div class=\"elementor-element elementor-element-d4a0ae8 elementor-widget elementor-widget-heading\" data-id=\"d4a0ae8\" data-element_type=\"widget\" data-widget_type=\"heading.default\">\n\t\t\t\t<div class=\"elementor-widget-container\">\n\t\t\t\t\t<h2 class=\"elementor-heading-title elementor-size-default\">Nossa Equipe<\/h2>\t\t\t\t<\/div>\n\t\t\t\t<\/div>\n\t\t\t\t\t<\/div>\n\t\t<\/div>\n\t\t\t\t\t<\/div>\n\t\t<\/section>\n\t\t\t\t<section class=\"elementor-section elementor-inner-section elementor-element elementor-element-b525a2e elementor-section-boxed elementor-section-height-default elementor-section-height-default elementor-invisible\" data-id=\"b525a2e\" data-element_type=\"section\" data-settings=\"{&quot;animation&quot;:&quot;fadeInUp&quot;}\">\n\t\t\t\t\t\t<div class=\"elementor-container elementor-column-gap-no\">\n\t\t\t\t\t<div class=\"elementor-column elementor-col-33 elementor-inner-column elementor-element elementor-element-7e48403\" data-id=\"7e48403\" data-element_type=\"column\">\n\t\t\t<div class=\"elementor-widget-wrap elementor-element-populated\">\n\t\t\t\t\t\t<section class=\"elementor-section elementor-inner-section elementor-element elementor-element-af36aac elementor-section-boxed elementor-section-height-default elementor-section-height-default\" data-id=\"af36aac\" data-element_type=\"section\">\n\t\t\t\t\t\t<div class=\"elementor-container elementor-column-gap-no\">\n\t\t\t\t\t<div class=\"elementor-column elementor-col-100 elementor-inner-column elementor-element elementor-element-b9081ed\" data-id=\"b9081ed\" data-element_type=\"column\">\n\t\t\t<div class=\"elementor-widget-wrap elementor-element-populated\">\n\t\t\t\t\t\t<div class=\"elementor-element elementor-element-c12787a elementor-widget elementor-widget-image\" data-id=\"c12787a\" data-element_type=\"widget\" data-widget_type=\"image.default\">\n\t\t\t\t<div class=\"elementor-widget-container\">\n\t\t\t\t\t\t\t\t\t\t\t\t\t\t\t<img fetchpriority=\"high\" decoding=\"async\" width=\"857\" height=\"556\" src=\"https:\/\/camaraimediatto.com.br\/2023\/wp-content\/uploads\/2023\/06\/Carlos-Eduardo-Montenegro-Prado.jpg\" class=\"attachment-full size-full wp-image-300\" alt=\"\" srcset=\"https:\/\/camaraimediatto.com.br\/2023\/wp-content\/uploads\/2023\/06\/Carlos-Eduardo-Montenegro-Prado.jpg 857w, https:\/\/camaraimediatto.com.br\/2023\/wp-content\/uploads\/2023\/06\/Carlos-Eduardo-Montenegro-Prado-300x195.jpg 300w, https:\/\/camaraimediatto.com.br\/2023\/wp-content\/uploads\/2023\/06\/Carlos-Eduardo-Montenegro-Prado-768x498.jpg 768w\" sizes=\"(max-width: 857px) 100vw, 857px\" \/>\t\t\t\t\t\t\t\t\t\t\t\t\t\t\t<\/div>\n\t\t\t\t<\/div>\n\t\t\t\t\t<\/div>\n\t\t<\/div>\n\t\t\t\t\t<\/div>\n\t\t<\/section>\n\t\t\t\t<section class=\"elementor-section elementor-inner-section elementor-element elementor-element-9cf2e7c elementor-section-boxed elementor-section-height-default elementor-section-height-default\" data-id=\"9cf2e7c\" data-element_type=\"section\">\n\t\t\t\t\t\t<div class=\"elementor-container elementor-column-gap-no\">\n\t\t\t\t\t<div class=\"elementor-column elementor-col-100 elementor-inner-column elementor-element elementor-element-3de142c\" data-id=\"3de142c\" data-element_type=\"column\" data-settings=\"{&quot;background_background&quot;:&quot;classic&quot;}\">\n\t\t\t<div class=\"elementor-widget-wrap elementor-element-populated\">\n\t\t\t\t\t\t<div class=\"elementor-element elementor-element-ddfef0f elementor-widget elementor-widget-heading\" data-id=\"ddfef0f\" data-element_type=\"widget\" data-widget_type=\"heading.default\">\n\t\t\t\t<div class=\"elementor-widget-container\">\n\t\t\t\t\t<h6 class=\"elementor-heading-title elementor-size-default\">Carlos Eduardo M. Prado<\/h6>\t\t\t\t<\/div>\n\t\t\t\t<\/div>\n\t\t\t\t<div class=\"elementor-element elementor-element-44f9554 elementor-widget elementor-widget-heading\" data-id=\"44f9554\" data-element_type=\"widget\" data-widget_type=\"heading.default\">\n\t\t\t\t<div class=\"elementor-widget-container\">\n\t\t\t\t\t<span class=\"elementor-heading-title elementor-size-default\">\u00c1rbitro, Negociador e Mediador<\/span>\t\t\t\t<\/div>\n\t\t\t\t<\/div>\n\t\t\t\t<div class=\"elementor-element elementor-element-187c190 elementor-widget elementor-widget-button\" data-id=\"187c190\" data-element_type=\"widget\" data-widget_type=\"button.default\">\n\t\t\t\t<div class=\"elementor-widget-container\">\n\t\t\t\t\t\t\t\t\t<div class=\"elementor-button-wrapper\">\n\t\t\t\t\t<a class=\"elementor-button elementor-button-link elementor-size-sm\" href=\"#carlosM\">\n\t\t\t\t\t\t<span class=\"elementor-button-content-wrapper\">\n\t\t\t\t\t\t\t\t\t<span class=\"elementor-button-text\"> SAIBA MAIS<\/span>\n\t\t\t\t\t<\/span>\n\t\t\t\t\t<\/a>\n\t\t\t\t<\/div>\n\t\t\t\t\t\t\t\t<\/div>\n\t\t\t\t<\/div>\n\t\t\t\t\t<\/div>\n\t\t<\/div>\n\t\t\t\t\t<\/div>\n\t\t<\/section>\n\t\t\t\t\t<\/div>\n\t\t<\/div>\n\t\t\t\t<div class=\"elementor-column elementor-col-33 elementor-inner-column elementor-element elementor-element-8d9c45a\" data-id=\"8d9c45a\" data-element_type=\"column\">\n\t\t\t<div class=\"elementor-widget-wrap elementor-element-populated\">\n\t\t\t\t\t\t<section class=\"elementor-section elementor-inner-section elementor-element elementor-element-45e155a elementor-section-boxed elementor-section-height-default elementor-section-height-default\" data-id=\"45e155a\" data-element_type=\"section\">\n\t\t\t\t\t\t<div class=\"elementor-container elementor-column-gap-no\">\n\t\t\t\t\t<div class=\"elementor-column elementor-col-100 elementor-inner-column elementor-element elementor-element-05d3b19\" data-id=\"05d3b19\" data-element_type=\"column\">\n\t\t\t<div class=\"elementor-widget-wrap elementor-element-populated\">\n\t\t\t\t\t\t<div class=\"elementor-element elementor-element-139ffca elementor-widget elementor-widget-image\" data-id=\"139ffca\" data-element_type=\"widget\" data-widget_type=\"image.default\">\n\t\t\t\t<div class=\"elementor-widget-container\">\n\t\t\t\t\t\t\t\t\t\t\t\t\t\t\t<img decoding=\"async\" width=\"857\" height=\"556\" src=\"https:\/\/camaraimediatto.com.br\/2023\/wp-content\/uploads\/2023\/06\/Daniel-Batista-Stahelin.jpg\" class=\"attachment-full size-full wp-image-301\" alt=\"\" srcset=\"https:\/\/camaraimediatto.com.br\/2023\/wp-content\/uploads\/2023\/06\/Daniel-Batista-Stahelin.jpg 857w, https:\/\/camaraimediatto.com.br\/2023\/wp-content\/uploads\/2023\/06\/Daniel-Batista-Stahelin-300x195.jpg 300w, https:\/\/camaraimediatto.com.br\/2023\/wp-content\/uploads\/2023\/06\/Daniel-Batista-Stahelin-768x498.jpg 768w\" sizes=\"(max-width: 857px) 100vw, 857px\" \/>\t\t\t\t\t\t\t\t\t\t\t\t\t\t\t<\/div>\n\t\t\t\t<\/div>\n\t\t\t\t\t<\/div>\n\t\t<\/div>\n\t\t\t\t\t<\/div>\n\t\t<\/section>\n\t\t\t\t<section class=\"elementor-section elementor-inner-section elementor-element elementor-element-9267430 elementor-section-boxed elementor-section-height-default elementor-section-height-default\" data-id=\"9267430\" data-element_type=\"section\">\n\t\t\t\t\t\t<div class=\"elementor-container elementor-column-gap-no\">\n\t\t\t\t\t<div class=\"elementor-column elementor-col-100 elementor-inner-column elementor-element elementor-element-3e89f77\" data-id=\"3e89f77\" data-element_type=\"column\" data-settings=\"{&quot;background_background&quot;:&quot;classic&quot;}\">\n\t\t\t<div class=\"elementor-widget-wrap elementor-element-populated\">\n\t\t\t\t\t\t<div class=\"elementor-element elementor-element-9f11d26 elementor-widget elementor-widget-heading\" data-id=\"9f11d26\" data-element_type=\"widget\" data-widget_type=\"heading.default\">\n\t\t\t\t<div class=\"elementor-widget-container\">\n\t\t\t\t\t<h6 class=\"elementor-heading-title elementor-size-default\">Daniel Batista St\u00e4helin<\/h6>\t\t\t\t<\/div>\n\t\t\t\t<\/div>\n\t\t\t\t<div class=\"elementor-element elementor-element-1281cb6 elementor-widget elementor-widget-heading\" data-id=\"1281cb6\" data-element_type=\"widget\" data-widget_type=\"heading.default\">\n\t\t\t\t<div class=\"elementor-widget-container\">\n\t\t\t\t\t<span class=\"elementor-heading-title elementor-size-default\">Advogado e Mediador<\/span>\t\t\t\t<\/div>\n\t\t\t\t<\/div>\n\t\t\t\t<div class=\"elementor-element elementor-element-0ba75b0 elementor-widget elementor-widget-button\" data-id=\"0ba75b0\" data-element_type=\"widget\" data-widget_type=\"button.default\">\n\t\t\t\t<div class=\"elementor-widget-container\">\n\t\t\t\t\t\t\t\t\t<div class=\"elementor-button-wrapper\">\n\t\t\t\t\t<a class=\"elementor-button elementor-button-link elementor-size-sm\" href=\"#danielM\">\n\t\t\t\t\t\t<span class=\"elementor-button-content-wrapper\">\n\t\t\t\t\t\t\t\t\t<span class=\"elementor-button-text\"> SAIBA MAIS<\/span>\n\t\t\t\t\t<\/span>\n\t\t\t\t\t<\/a>\n\t\t\t\t<\/div>\n\t\t\t\t\t\t\t\t<\/div>\n\t\t\t\t<\/div>\n\t\t\t\t\t<\/div>\n\t\t<\/div>\n\t\t\t\t\t<\/div>\n\t\t<\/section>\n\t\t\t\t\t<\/div>\n\t\t<\/div>\n\t\t\t\t<div class=\"elementor-column elementor-col-33 elementor-inner-column elementor-element elementor-element-81b8733\" data-id=\"81b8733\" data-element_type=\"column\">\n\t\t\t<div class=\"elementor-widget-wrap elementor-element-populated\">\n\t\t\t\t\t\t<section class=\"elementor-section elementor-inner-section elementor-element elementor-element-e4d48cd elementor-section-boxed elementor-section-height-default elementor-section-height-default\" data-id=\"e4d48cd\" data-element_type=\"section\">\n\t\t\t\t\t\t<div class=\"elementor-container elementor-column-gap-no\">\n\t\t\t\t\t<div class=\"elementor-column elementor-col-100 elementor-inner-column elementor-element elementor-element-64954a0\" data-id=\"64954a0\" data-element_type=\"column\">\n\t\t\t<div class=\"elementor-widget-wrap elementor-element-populated\">\n\t\t\t\t\t\t<div class=\"elementor-element elementor-element-f46970e elementor-widget elementor-widget-image\" data-id=\"f46970e\" data-element_type=\"widget\" data-widget_type=\"image.default\">\n\t\t\t\t<div class=\"elementor-widget-container\">\n\t\t\t\t\t\t\t\t\t\t\t\t\t\t\t<img decoding=\"async\" width=\"857\" height=\"556\" src=\"https:\/\/camaraimediatto.com.br\/2023\/wp-content\/uploads\/2023\/06\/Walcleia-Montenegro.jpg\" class=\"attachment-full size-full wp-image-302\" alt=\"\" srcset=\"https:\/\/camaraimediatto.com.br\/2023\/wp-content\/uploads\/2023\/06\/Walcleia-Montenegro.jpg 857w, https:\/\/camaraimediatto.com.br\/2023\/wp-content\/uploads\/2023\/06\/Walcleia-Montenegro-300x195.jpg 300w, https:\/\/camaraimediatto.com.br\/2023\/wp-content\/uploads\/2023\/06\/Walcleia-Montenegro-768x498.jpg 768w\" sizes=\"(max-width: 857px) 100vw, 857px\" \/>\t\t\t\t\t\t\t\t\t\t\t\t\t\t\t<\/div>\n\t\t\t\t<\/div>\n\t\t\t\t\t<\/div>\n\t\t<\/div>\n\t\t\t\t\t<\/div>\n\t\t<\/section>\n\t\t\t\t<section class=\"elementor-section elementor-inner-section elementor-element elementor-element-6de807f elementor-section-boxed elementor-section-height-default elementor-section-height-default\" data-id=\"6de807f\" data-element_type=\"section\">\n\t\t\t\t\t\t<div class=\"elementor-container elementor-column-gap-no\">\n\t\t\t\t\t<div class=\"elementor-column elementor-col-100 elementor-inner-column elementor-element elementor-element-9f8d8a0\" data-id=\"9f8d8a0\" data-element_type=\"column\" data-settings=\"{&quot;background_background&quot;:&quot;classic&quot;}\">\n\t\t\t<div class=\"elementor-widget-wrap elementor-element-populated\">\n\t\t\t\t\t\t<div class=\"elementor-element elementor-element-0db439f elementor-widget elementor-widget-heading\" data-id=\"0db439f\" data-element_type=\"widget\" data-widget_type=\"heading.default\">\n\t\t\t\t<div class=\"elementor-widget-container\">\n\t\t\t\t\t<h6 class=\"elementor-heading-title elementor-size-default\">Walcl\u00e9ia Montenegro<\/h6>\t\t\t\t<\/div>\n\t\t\t\t<\/div>\n\t\t\t\t<div class=\"elementor-element elementor-element-9200fa0 elementor-widget elementor-widget-heading\" data-id=\"9200fa0\" data-element_type=\"widget\" data-widget_type=\"heading.default\">\n\t\t\t\t<div class=\"elementor-widget-container\">\n\t\t\t\t\t<span class=\"elementor-heading-title elementor-size-default\">Consultoria Jur\u00eddica, Mediadora e Advogad<\/span>\t\t\t\t<\/div>\n\t\t\t\t<\/div>\n\t\t\t\t<div class=\"elementor-element elementor-element-e5a51ef elementor-widget elementor-widget-button\" data-id=\"e5a51ef\" data-element_type=\"widget\" data-widget_type=\"button.default\">\n\t\t\t\t<div class=\"elementor-widget-container\">\n\t\t\t\t\t\t\t\t\t<div class=\"elementor-button-wrapper\">\n\t\t\t\t\t<a class=\"elementor-button elementor-button-link elementor-size-sm\" href=\"#walcleiaM\">\n\t\t\t\t\t\t<span class=\"elementor-button-content-wrapper\">\n\t\t\t\t\t\t\t\t\t<span class=\"elementor-button-text\"> SAIBA MAIS<\/span>\n\t\t\t\t\t<\/span>\n\t\t\t\t\t<\/a>\n\t\t\t\t<\/div>\n\t\t\t\t\t\t\t\t<\/div>\n\t\t\t\t<\/div>\n\t\t\t\t\t<\/div>\n\t\t<\/div>\n\t\t\t\t\t<\/div>\n\t\t<\/section>\n\t\t\t\t\t<\/div>\n\t\t<\/div>\n\t\t\t\t\t<\/div>\n\t\t<\/section>\n\t\t\t\t\t<\/div>\n\t\t<\/div>\n\t\t\t\t\t<\/div>\n\t\t<\/section>\n\t\t\t\t<section class=\"elementor-section elementor-top-section elementor-element elementor-element-718883b6 elementor-hidden-desktop elementor-section-boxed elementor-section-height-default elementor-section-height-default\" data-id=\"718883b6\" data-element_type=\"section\" id=\"carlosM\" data-settings=\"{&quot;background_background&quot;:&quot;classic&quot;}\">\n\t\t\t\t\t\t<div class=\"elementor-container elementor-column-gap-no\">\n\t\t\t\t\t<div class=\"elementor-column elementor-col-100 elementor-top-column elementor-element elementor-element-6680fb68\" data-id=\"6680fb68\" data-element_type=\"column\">\n\t\t\t<div class=\"elementor-widget-wrap elementor-element-populated\">\n\t\t\t\t\t\t<section class=\"elementor-section elementor-inner-section elementor-element elementor-element-7befefa5 elementor-section-boxed elementor-section-height-default elementor-section-height-default elementor-invisible\" data-id=\"7befefa5\" data-element_type=\"section\" data-settings=\"{&quot;animation&quot;:&quot;fadeInUp&quot;}\">\n\t\t\t\t\t\t<div class=\"elementor-container elementor-column-gap-no\">\n\t\t\t\t\t<div class=\"elementor-column elementor-col-100 elementor-inner-column elementor-element elementor-element-39490012\" data-id=\"39490012\" data-element_type=\"column\">\n\t\t\t<div class=\"elementor-widget-wrap elementor-element-populated\">\n\t\t\t\t\t\t<div class=\"elementor-element elementor-element-eb40893 elementor-widget elementor-widget-heading\" data-id=\"eb40893\" data-element_type=\"widget\" data-widget_type=\"heading.default\">\n\t\t\t\t<div class=\"elementor-widget-container\">\n\t\t\t\t\t<h2 class=\"elementor-heading-title elementor-size-default\">Carlos Eduardo Montenegro Prado<\/h2>\t\t\t\t<\/div>\n\t\t\t\t<\/div>\n\t\t\t\t<div class=\"elementor-element elementor-element-14edc0fb elementor-widget__width-initial elementor-widget elementor-widget-heading\" data-id=\"14edc0fb\" data-element_type=\"widget\" data-widget_type=\"heading.default\">\n\t\t\t\t<div class=\"elementor-widget-container\">\n\t\t\t\t\t<p class=\"elementor-heading-title elementor-size-default\">\u00c1rbitro, Negociador e Mediador<\/p>\t\t\t\t<\/div>\n\t\t\t\t<\/div>\n\t\t\t\t\t<\/div>\n\t\t<\/div>\n\t\t\t\t\t<\/div>\n\t\t<\/section>\n\t\t\t\t<section class=\"elementor-section elementor-inner-section elementor-element elementor-element-3f946594 elementor-section-boxed elementor-section-height-default elementor-section-height-default\" data-id=\"3f946594\" data-element_type=\"section\">\n\t\t\t\t\t\t<div class=\"elementor-container elementor-column-gap-no\">\n\t\t\t\t\t<div class=\"elementor-column elementor-col-50 elementor-inner-column elementor-element elementor-element-66838b14 elementor-invisible\" data-id=\"66838b14\" data-element_type=\"column\" data-settings=\"{&quot;animation&quot;:&quot;fadeInLeft&quot;}\">\n\t\t\t<div class=\"elementor-widget-wrap elementor-element-populated\">\n\t\t\t\t\t\t<section class=\"elementor-section elementor-inner-section elementor-element elementor-element-144915d0 elementor-section-boxed elementor-section-height-default elementor-section-height-default\" data-id=\"144915d0\" data-element_type=\"section\">\n\t\t\t\t\t\t<div class=\"elementor-container elementor-column-gap-no\">\n\t\t\t\t\t<div class=\"elementor-column elementor-col-100 elementor-inner-column elementor-element elementor-element-dedf851\" data-id=\"dedf851\" data-element_type=\"column\">\n\t\t\t<div class=\"elementor-widget-wrap elementor-element-populated\">\n\t\t\t\t\t\t<div class=\"elementor-element elementor-element-1351411e elementor-widget elementor-widget-image\" data-id=\"1351411e\" data-element_type=\"widget\" data-widget_type=\"image.default\">\n\t\t\t\t<div class=\"elementor-widget-container\">\n\t\t\t\t\t\t\t\t\t\t\t\t\t\t\t<img loading=\"lazy\" decoding=\"async\" width=\"800\" height=\"519\" src=\"https:\/\/camaraimediatto.com.br\/2023\/wp-content\/uploads\/2023\/06\/Carlos-Eduardo-Montenegro-Prado.jpg\" class=\"attachment-large size-large wp-image-300\" alt=\"\" srcset=\"https:\/\/camaraimediatto.com.br\/2023\/wp-content\/uploads\/2023\/06\/Carlos-Eduardo-Montenegro-Prado.jpg 857w, https:\/\/camaraimediatto.com.br\/2023\/wp-content\/uploads\/2023\/06\/Carlos-Eduardo-Montenegro-Prado-300x195.jpg 300w, https:\/\/camaraimediatto.com.br\/2023\/wp-content\/uploads\/2023\/06\/Carlos-Eduardo-Montenegro-Prado-768x498.jpg 768w\" sizes=\"(max-width: 800px) 100vw, 800px\" \/>\t\t\t\t\t\t\t\t\t\t\t\t\t\t\t<\/div>\n\t\t\t\t<\/div>\n\t\t\t\t\t<\/div>\n\t\t<\/div>\n\t\t\t\t\t<\/div>\n\t\t<\/section>\n\t\t\t\t\t<\/div>\n\t\t<\/div>\n\t\t\t\t<div class=\"elementor-column elementor-col-50 elementor-inner-column elementor-element elementor-element-6773a24 elementor-invisible\" data-id=\"6773a24\" data-element_type=\"column\" data-settings=\"{&quot;animation&quot;:&quot;fadeInLeft&quot;}\">\n\t\t\t<div class=\"elementor-widget-wrap elementor-element-populated\">\n\t\t\t\t\t\t<section class=\"elementor-section elementor-inner-section elementor-element elementor-element-48cc0f9 elementor-section-boxed elementor-section-height-default elementor-section-height-default\" data-id=\"48cc0f9\" data-element_type=\"section\">\n\t\t\t\t\t\t<div class=\"elementor-container elementor-column-gap-no\">\n\t\t\t\t\t<div class=\"elementor-column elementor-col-100 elementor-inner-column elementor-element elementor-element-66adca9\" data-id=\"66adca9\" data-element_type=\"column\" data-settings=\"{&quot;background_background&quot;:&quot;classic&quot;}\">\n\t\t\t<div class=\"elementor-widget-wrap elementor-element-populated\">\n\t\t\t\t\t\t<div class=\"elementor-element elementor-element-37ec0c3 elementor-widget elementor-widget-heading\" data-id=\"37ec0c3\" data-element_type=\"widget\" data-widget_type=\"heading.default\">\n\t\t\t\t<div class=\"elementor-widget-container\">\n\t\t\t\t\t<h6 class=\"elementor-heading-title elementor-size-default\">Forma\u00e7\u00e3o<\/h6>\t\t\t\t<\/div>\n\t\t\t\t<\/div>\n\t\t\t\t<div class=\"elementor-element elementor-element-5d13421 elementor-widget elementor-widget-heading\" data-id=\"5d13421\" data-element_type=\"widget\" data-widget_type=\"heading.default\">\n\t\t\t\t<div class=\"elementor-widget-container\">\n\t\t\t\t\t<p class=\"elementor-heading-title elementor-size-default\"><b>G<\/b>raduado em Direito pela Universidade do Sul de Santa Catarina (UNISUL);\n<br>\n<b>P<\/b>\u00f3s-graduado em Media\u00e7\u00e3o e Arbitragem no Verbo Jur\u00eddico;\n<br>\n<b>F<\/b>orma\u00e7\u00e3o em Media\u00e7\u00e3o e Arbitragem pelo Centro Catarinense de Resolu\u00e7\u00e3o de Conflitos;\n<br>\n<b>C<\/b>apacita\u00e7\u00e3o em Media\u00e7\u00e3o e Arbitragem pela ABRAME em Curitiba;\n<br>\n<b>G<\/b>radua\u00e7\u00e3o em Marketing e publicidade \u2013 Escola Superior de Propaganda e Marketing no Rio de Janeiro;\n<br>\n<b>G<\/b>radua\u00e7\u00e3o em Educa\u00e7\u00e3o f\u00edsica na Universidade Est\u00e1cio de S\u00e1 no Rio de Janeiro.<\/p>\t\t\t\t<\/div>\n\t\t\t\t<\/div>\n\t\t\t\t\t<\/div>\n\t\t<\/div>\n\t\t\t\t\t<\/div>\n\t\t<\/section>\n\t\t\t\t<section class=\"elementor-section elementor-inner-section elementor-element elementor-element-4724718 elementor-section-boxed elementor-section-height-default elementor-section-height-default\" data-id=\"4724718\" data-element_type=\"section\">\n\t\t\t\t\t\t<div class=\"elementor-container elementor-column-gap-no\">\n\t\t\t\t\t<div class=\"elementor-column elementor-col-100 elementor-inner-column elementor-element elementor-element-b3ce8ae\" data-id=\"b3ce8ae\" data-element_type=\"column\" data-settings=\"{&quot;background_background&quot;:&quot;classic&quot;}\">\n\t\t\t<div class=\"elementor-widget-wrap elementor-element-populated\">\n\t\t\t\t\t\t<div class=\"elementor-element elementor-element-32442b8 elementor-widget elementor-widget-heading\" data-id=\"32442b8\" data-element_type=\"widget\" data-widget_type=\"heading.default\">\n\t\t\t\t<div class=\"elementor-widget-container\">\n\t\t\t\t\t<h6 class=\"elementor-heading-title elementor-size-default\">Qualifica\u00e7\u00f5es<\/h6>\t\t\t\t<\/div>\n\t\t\t\t<\/div>\n\t\t\t\t<div class=\"elementor-element elementor-element-2eea455 elementor-widget elementor-widget-heading\" data-id=\"2eea455\" data-element_type=\"widget\" data-widget_type=\"heading.default\">\n\t\t\t\t<div class=\"elementor-widget-container\">\n\t\t\t\t\t<p class=\"elementor-heading-title elementor-size-default\"><b>D<\/b>estacou-se como mediador no VERBO JURIDICO na execu\u00e7\u00e3o das atividades inerentes \u00e0 Media\u00e7\u00e3o.  Grande atua\u00e7\u00e3o como \u00c1rbitro no Centro Catarinense de Resolu\u00e7\u00e3o de Conflitos. Atua como negociador em causas extrajudiciais avaliando a necessidade da via judicial para resolu\u00e7\u00e3o do conflito.\n<br>\n<b>I<\/b>ngl\u00eas Avan\u00e7ado e fluente.<br>\n<b>M<\/b>inha miss\u00e3o vai al\u00e9m da t\u00e9cnica jur\u00eddica. Eu acredito em construir pontes onde antes existiam muros. Se voc\u00ea busca uma solu\u00e7\u00e3o equilibrada e eficiente para o seu conflito, convido voc\u00ea a dar o primeiro passo.<\/p>\t\t\t\t<\/div>\n\t\t\t\t<\/div>\n\t\t\t\t<div class=\"elementor-element elementor-element-cc7dc5a elementor-widget elementor-widget-button\" data-id=\"cc7dc5a\" data-element_type=\"widget\" data-widget_type=\"button.default\">\n\t\t\t\t<div class=\"elementor-widget-container\">\n\t\t\t\t\t\t\t\t\t<div class=\"elementor-button-wrapper\">\n\t\t\t\t\t<a class=\"elementor-button elementor-button-link elementor-size-sm elementor-animation-pulse\" href=\"https:\/\/camaraimediatto.com.br\/2023\/sessao-de-viabilidade\/\">\n\t\t\t\t\t\t<span class=\"elementor-button-content-wrapper\">\n\t\t\t\t\t\t\t\t\t<span class=\"elementor-button-text\">Agende uma Sess\u00e3o de Viabilidade Comigo<\/span>\n\t\t\t\t\t<\/span>\n\t\t\t\t\t<\/a>\n\t\t\t\t<\/div>\n\t\t\t\t\t\t\t\t<\/div>\n\t\t\t\t<\/div>\n\t\t\t\t\t<\/div>\n\t\t<\/div>\n\t\t\t\t\t<\/div>\n\t\t<\/section>\n\t\t\t\t<section class=\"elementor-section elementor-inner-section elementor-element elementor-element-08dfe20 elementor-section-boxed elementor-section-height-default elementor-section-height-default\" data-id=\"08dfe20\" data-element_type=\"section\">\n\t\t\t\t\t\t<div class=\"elementor-container elementor-column-gap-no\">\n\t\t\t\t\t<div class=\"elementor-column elementor-col-100 elementor-inner-column elementor-element elementor-element-6c45f3a\" data-id=\"6c45f3a\" data-element_type=\"column\" data-settings=\"{&quot;background_background&quot;:&quot;classic&quot;}\">\n\t\t\t<div class=\"elementor-widget-wrap elementor-element-populated\">\n\t\t\t\t\t\t<div class=\"elementor-element elementor-element-f1dbbd2 elementor-widget elementor-widget-heading\" data-id=\"f1dbbd2\" data-element_type=\"widget\" data-widget_type=\"heading.default\">\n\t\t\t\t<div class=\"elementor-widget-container\">\n\t\t\t\t\t<h6 class=\"elementor-heading-title elementor-size-default\">Experi\u00eancia<\/h6>\t\t\t\t<\/div>\n\t\t\t\t<\/div>\n\t\t\t\t<div class=\"elementor-element elementor-element-a60b527 elementor-widget elementor-widget-heading\" data-id=\"a60b527\" data-element_type=\"widget\" data-widget_type=\"heading.default\">\n\t\t\t\t<div class=\"elementor-widget-container\">\n\t\t\t\t\t<p class=\"elementor-heading-title elementor-size-default\"><b>P<\/b>articipou atuando como Mediador no curso de P\u00f3s-gradua\u00e7\u00e3o em Media\u00e7\u00e3o e Arbitragem no Verbo Jur\u00eddico\n<br>\n<b>A<\/b>tuou no Curso de Media\u00e7\u00e3o e Arbitragem no Centro Catarinense de Resolu\u00e7\u00e3o de Conflitos\n<br>\n<b>P<\/b>articipou como ouvinte no Col\u00f3quio de Outono MEDIA\u00c7\u00c3O E ARBITRAGEM realizadas pela Escola Superior da Magistratura do Estado de Santa Catarina ESMESC\n<br>\n<b>P<\/b>articipou e atuou ativamente como mediador e arbitro no Curso de Capacita\u00e7\u00e3o em Media\u00e7\u00e3o e Arbitragem na ABRAME em Curitiba.<\/p>\t\t\t\t<\/div>\n\t\t\t\t<\/div>\n\t\t\t\t\t<\/div>\n\t\t<\/div>\n\t\t\t\t\t<\/div>\n\t\t<\/section>\n\t\t\t\t\t<\/div>\n\t\t<\/div>\n\t\t\t\t\t<\/div>\n\t\t<\/section>\n\t\t\t\t\t<\/div>\n\t\t<\/div>\n\t\t\t\t\t<\/div>\n\t\t<\/section>\n\t\t\t\t<section class=\"elementor-section elementor-top-section elementor-element elementor-element-4c8916d elementor-hidden-tablet elementor-hidden-mobile elementor-section-boxed elementor-section-height-default elementor-section-height-default\" data-id=\"4c8916d\" data-element_type=\"section\" id=\"carlos\" data-settings=\"{&quot;background_background&quot;:&quot;classic&quot;}\">\n\t\t\t\t\t\t<div class=\"elementor-container elementor-column-gap-no\">\n\t\t\t\t\t<div class=\"elementor-column elementor-col-100 elementor-top-column elementor-element elementor-element-d350adb\" data-id=\"d350adb\" data-element_type=\"column\">\n\t\t\t<div class=\"elementor-widget-wrap elementor-element-populated\">\n\t\t\t\t\t\t<section class=\"elementor-section elementor-inner-section elementor-element elementor-element-0a66cb2 elementor-section-boxed elementor-section-height-default elementor-section-height-default elementor-invisible\" data-id=\"0a66cb2\" data-element_type=\"section\" data-settings=\"{&quot;animation&quot;:&quot;fadeInUp&quot;}\">\n\t\t\t\t\t\t<div class=\"elementor-container elementor-column-gap-no\">\n\t\t\t\t\t<div class=\"elementor-column elementor-col-100 elementor-inner-column elementor-element elementor-element-d5f8fa1\" data-id=\"d5f8fa1\" data-element_type=\"column\">\n\t\t\t<div class=\"elementor-widget-wrap elementor-element-populated\">\n\t\t\t\t\t\t<div class=\"elementor-element elementor-element-c9ea3c2 elementor-widget elementor-widget-heading\" data-id=\"c9ea3c2\" data-element_type=\"widget\" data-widget_type=\"heading.default\">\n\t\t\t\t<div class=\"elementor-widget-container\">\n\t\t\t\t\t<h2 class=\"elementor-heading-title elementor-size-default\">Carlos Eduardo Montenegro Prado<\/h2>\t\t\t\t<\/div>\n\t\t\t\t<\/div>\n\t\t\t\t<div class=\"elementor-element elementor-element-6bfd5ee elementor-widget__width-initial elementor-widget elementor-widget-heading\" data-id=\"6bfd5ee\" data-element_type=\"widget\" data-widget_type=\"heading.default\">\n\t\t\t\t<div class=\"elementor-widget-container\">\n\t\t\t\t\t<p class=\"elementor-heading-title elementor-size-default\">\u00c1rbitro, Negociador e Mediador<\/p>\t\t\t\t<\/div>\n\t\t\t\t<\/div>\n\t\t\t\t\t<\/div>\n\t\t<\/div>\n\t\t\t\t\t<\/div>\n\t\t<\/section>\n\t\t\t\t<section class=\"elementor-section elementor-inner-section elementor-element elementor-element-ed1fd89 elementor-section-boxed elementor-section-height-default elementor-section-height-default\" data-id=\"ed1fd89\" data-element_type=\"section\">\n\t\t\t\t\t\t<div class=\"elementor-container elementor-column-gap-no\">\n\t\t\t\t\t<div class=\"elementor-column elementor-col-50 elementor-inner-column elementor-element elementor-element-397e0d7 elementor-invisible\" data-id=\"397e0d7\" data-element_type=\"column\" data-settings=\"{&quot;animation&quot;:&quot;fadeInLeft&quot;}\">\n\t\t\t<div class=\"elementor-widget-wrap elementor-element-populated\">\n\t\t\t\t\t\t<section class=\"elementor-section elementor-inner-section elementor-element elementor-element-8c1bac8 elementor-section-boxed elementor-section-height-default elementor-section-height-default\" data-id=\"8c1bac8\" data-element_type=\"section\">\n\t\t\t\t\t\t<div class=\"elementor-container elementor-column-gap-no\">\n\t\t\t\t\t<div class=\"elementor-column elementor-col-100 elementor-inner-column elementor-element elementor-element-e202eb6\" data-id=\"e202eb6\" data-element_type=\"column\" data-settings=\"{&quot;background_background&quot;:&quot;classic&quot;}\">\n\t\t\t<div class=\"elementor-widget-wrap elementor-element-populated\">\n\t\t\t\t\t\t<div class=\"elementor-element elementor-element-772e503 elementor-widget elementor-widget-heading\" data-id=\"772e503\" data-element_type=\"widget\" data-widget_type=\"heading.default\">\n\t\t\t\t<div class=\"elementor-widget-container\">\n\t\t\t\t\t<h6 class=\"elementor-heading-title elementor-size-default\">Forma\u00e7\u00e3o<\/h6>\t\t\t\t<\/div>\n\t\t\t\t<\/div>\n\t\t\t\t<div class=\"elementor-element elementor-element-223ddd6 elementor-widget elementor-widget-heading\" data-id=\"223ddd6\" data-element_type=\"widget\" data-widget_type=\"heading.default\">\n\t\t\t\t<div class=\"elementor-widget-container\">\n\t\t\t\t\t<p class=\"elementor-heading-title elementor-size-default\"><b>G<\/b>raduado em Direito pela Universidade do Sul de Santa Catarina (UNISUL);\n<br>\n<b>P<\/b>\u00f3s-graduado em Media\u00e7\u00e3o e Arbitragem no Verbo Jur\u00eddico;\n<br>\n<b>F<\/b>orma\u00e7\u00e3o em Media\u00e7\u00e3o e Arbitragem pelo Centro Catarinense de Resolu\u00e7\u00e3o de Conflitos;\n<br>\n<b>C<\/b>apacita\u00e7\u00e3o em Media\u00e7\u00e3o e Arbitragem pela ABRAME em Curitiba;\n<br>\n<b>G<\/b>radua\u00e7\u00e3o em Marketing e publicidade \u2013 Escola Superior de Propaganda e Marketing no Rio de Janeiro;\n<br>\n<b>G<\/b>radua\u00e7\u00e3o em Educa\u00e7\u00e3o f\u00edsica na Universidade Est\u00e1cio de S\u00e1 no Rio de Janeiro.<\/p>\t\t\t\t<\/div>\n\t\t\t\t<\/div>\n\t\t\t\t\t<\/div>\n\t\t<\/div>\n\t\t\t\t\t<\/div>\n\t\t<\/section>\n\t\t\t\t<section class=\"elementor-section elementor-inner-section elementor-element elementor-element-a83ce6d elementor-section-boxed elementor-section-height-default elementor-section-height-default\" data-id=\"a83ce6d\" data-element_type=\"section\">\n\t\t\t\t\t\t<div class=\"elementor-container elementor-column-gap-no\">\n\t\t\t\t\t<div class=\"elementor-column elementor-col-100 elementor-inner-column elementor-element elementor-element-cfbbf30\" data-id=\"cfbbf30\" data-element_type=\"column\" data-settings=\"{&quot;background_background&quot;:&quot;classic&quot;}\">\n\t\t\t<div class=\"elementor-widget-wrap elementor-element-populated\">\n\t\t\t\t\t\t<div class=\"elementor-element elementor-element-978af9e elementor-widget elementor-widget-heading\" data-id=\"978af9e\" data-element_type=\"widget\" data-widget_type=\"heading.default\">\n\t\t\t\t<div class=\"elementor-widget-container\">\n\t\t\t\t\t<h6 class=\"elementor-heading-title elementor-size-default\">Qualifica\u00e7\u00f5es<\/h6>\t\t\t\t<\/div>\n\t\t\t\t<\/div>\n\t\t\t\t<div class=\"elementor-element elementor-element-4494043 elementor-widget elementor-widget-heading\" data-id=\"4494043\" data-element_type=\"widget\" data-widget_type=\"heading.default\">\n\t\t\t\t<div class=\"elementor-widget-container\">\n\t\t\t\t\t<p class=\"elementor-heading-title elementor-size-default\"><b>D<\/b>estacou-se como mediador no VERBO JURIDICO na execu\u00e7\u00e3o das atividades inerentes \u00e0 Media\u00e7\u00e3o.  Grande atua\u00e7\u00e3o como \u00c1rbitro no Centro Catarinense de Resolu\u00e7\u00e3o de Conflitos. Atua como negociador em causas extrajudiciais avaliando a necessidade da via judicial para resolu\u00e7\u00e3o do conflito.\n<br>\n<b>I<\/b>ngl\u00eas Avan\u00e7ado e fluente.<br>\n<b>M<\/b>inha miss\u00e3o vai al\u00e9m da t\u00e9cnica jur\u00eddica. Eu acredito em construir pontes onde antes existiam muros. Se voc\u00ea busca uma solu\u00e7\u00e3o equilibrada e eficiente para o seu conflito, convido voc\u00ea a dar o primeiro passo.<\/p>\t\t\t\t<\/div>\n\t\t\t\t<\/div>\n\t\t\t\t<div class=\"elementor-element elementor-element-16c75a4 elementor-widget elementor-widget-button\" data-id=\"16c75a4\" data-element_type=\"widget\" data-widget_type=\"button.default\">\n\t\t\t\t<div class=\"elementor-widget-container\">\n\t\t\t\t\t\t\t\t\t<div class=\"elementor-button-wrapper\">\n\t\t\t\t\t<a class=\"elementor-button elementor-button-link elementor-size-sm elementor-animation-pulse\" href=\"https:\/\/camaraimediatto.com.br\/2023\/sessao-de-viabilidade\/\">\n\t\t\t\t\t\t<span class=\"elementor-button-content-wrapper\">\n\t\t\t\t\t\t\t\t\t<span class=\"elementor-button-text\">Agende uma Sess\u00e3o de Viabilidade Comigo<\/span>\n\t\t\t\t\t<\/span>\n\t\t\t\t\t<\/a>\n\t\t\t\t<\/div>\n\t\t\t\t\t\t\t\t<\/div>\n\t\t\t\t<\/div>\n\t\t\t\t\t<\/div>\n\t\t<\/div>\n\t\t\t\t\t<\/div>\n\t\t<\/section>\n\t\t\t\t<section class=\"elementor-section elementor-inner-section elementor-element elementor-element-37b7cae elementor-section-boxed elementor-section-height-default elementor-section-height-default\" data-id=\"37b7cae\" data-element_type=\"section\">\n\t\t\t\t\t\t<div class=\"elementor-container elementor-column-gap-no\">\n\t\t\t\t\t<div class=\"elementor-column elementor-col-100 elementor-inner-column elementor-element elementor-element-ff50240\" data-id=\"ff50240\" data-element_type=\"column\" data-settings=\"{&quot;background_background&quot;:&quot;classic&quot;}\">\n\t\t\t<div class=\"elementor-widget-wrap elementor-element-populated\">\n\t\t\t\t\t\t<div class=\"elementor-element elementor-element-8c6e948 elementor-widget elementor-widget-heading\" data-id=\"8c6e948\" data-element_type=\"widget\" data-widget_type=\"heading.default\">\n\t\t\t\t<div class=\"elementor-widget-container\">\n\t\t\t\t\t<h6 class=\"elementor-heading-title elementor-size-default\">Experi\u00eancia<\/h6>\t\t\t\t<\/div>\n\t\t\t\t<\/div>\n\t\t\t\t<div class=\"elementor-element elementor-element-50b8964 elementor-widget elementor-widget-heading\" data-id=\"50b8964\" data-element_type=\"widget\" data-widget_type=\"heading.default\">\n\t\t\t\t<div class=\"elementor-widget-container\">\n\t\t\t\t\t<p class=\"elementor-heading-title elementor-size-default\"><b>P<\/b>articipou atuando como Mediador no curso de P\u00f3s-gradua\u00e7\u00e3o em Media\u00e7\u00e3o e Arbitragem no Verbo Jur\u00eddico\n<br>\n<b>A<\/b>tuou no Curso de Media\u00e7\u00e3o e Arbitragem no Centro Catarinense de Resolu\u00e7\u00e3o de Conflitos\n<br>\n<b>P<\/b>articipou como ouvinte no Col\u00f3quio de Outono MEDIA\u00c7\u00c3O E ARBITRAGEM realizadas pela Escola Superior da Magistratura do Estado de Santa Catarina ESMESC\n<br>\n<b>P<\/b>articipou e atuou ativamente como mediador e arbitro no Curso de Capacita\u00e7\u00e3o em Media\u00e7\u00e3o e Arbitragem na ABRAME em Curitiba.<\/p>\t\t\t\t<\/div>\n\t\t\t\t<\/div>\n\t\t\t\t\t<\/div>\n\t\t<\/div>\n\t\t\t\t\t<\/div>\n\t\t<\/section>\n\t\t\t\t\t<\/div>\n\t\t<\/div>\n\t\t\t\t<div class=\"elementor-column elementor-col-50 elementor-inner-column elementor-element elementor-element-69aa936 elementor-invisible\" data-id=\"69aa936\" data-element_type=\"column\" data-settings=\"{&quot;animation&quot;:&quot;fadeInRight&quot;}\">\n\t\t\t<div class=\"elementor-widget-wrap elementor-element-populated\">\n\t\t\t\t\t\t<div class=\"elementor-element elementor-element-56c404d elementor-widget elementor-widget-image\" data-id=\"56c404d\" data-element_type=\"widget\" data-widget_type=\"image.default\">\n\t\t\t\t<div class=\"elementor-widget-container\">\n\t\t\t\t\t\t\t\t\t\t\t\t\t\t\t<img loading=\"lazy\" decoding=\"async\" width=\"800\" height=\"519\" src=\"https:\/\/camaraimediatto.com.br\/2023\/wp-content\/uploads\/2023\/06\/Carlos-Eduardo-Montenegro-Prado.jpg\" class=\"attachment-large size-large wp-image-300\" alt=\"\" srcset=\"https:\/\/camaraimediatto.com.br\/2023\/wp-content\/uploads\/2023\/06\/Carlos-Eduardo-Montenegro-Prado.jpg 857w, https:\/\/camaraimediatto.com.br\/2023\/wp-content\/uploads\/2023\/06\/Carlos-Eduardo-Montenegro-Prado-300x195.jpg 300w, https:\/\/camaraimediatto.com.br\/2023\/wp-content\/uploads\/2023\/06\/Carlos-Eduardo-Montenegro-Prado-768x498.jpg 768w\" sizes=\"(max-width: 800px) 100vw, 800px\" \/>\t\t\t\t\t\t\t\t\t\t\t\t\t\t\t<\/div>\n\t\t\t\t<\/div>\n\t\t\t\t\t<\/div>\n\t\t<\/div>\n\t\t\t\t\t<\/div>\n\t\t<\/section>\n\t\t\t\t\t<\/div>\n\t\t<\/div>\n\t\t\t\t\t<\/div>\n\t\t<\/section>\n\t\t\t\t<section class=\"elementor-section elementor-top-section elementor-element elementor-element-e8ed4c5 elementor-hidden-tablet elementor-hidden-mobile elementor-section-boxed elementor-section-height-default elementor-section-height-default\" data-id=\"e8ed4c5\" data-element_type=\"section\" id=\"daniel\" data-settings=\"{&quot;background_background&quot;:&quot;classic&quot;}\">\n\t\t\t\t\t\t<div class=\"elementor-container elementor-column-gap-no\">\n\t\t\t\t\t<div class=\"elementor-column elementor-col-100 elementor-top-column elementor-element elementor-element-f24a53d\" data-id=\"f24a53d\" data-element_type=\"column\">\n\t\t\t<div class=\"elementor-widget-wrap elementor-element-populated\">\n\t\t\t\t\t\t<section class=\"elementor-section elementor-inner-section elementor-element elementor-element-eef8f7e elementor-section-boxed elementor-section-height-default elementor-section-height-default elementor-invisible\" data-id=\"eef8f7e\" data-element_type=\"section\" data-settings=\"{&quot;animation&quot;:&quot;fadeInUp&quot;}\">\n\t\t\t\t\t\t<div class=\"elementor-container elementor-column-gap-no\">\n\t\t\t\t\t<div class=\"elementor-column elementor-col-100 elementor-inner-column elementor-element elementor-element-65f262f\" data-id=\"65f262f\" data-element_type=\"column\">\n\t\t\t<div class=\"elementor-widget-wrap elementor-element-populated\">\n\t\t\t\t\t\t<div class=\"elementor-element elementor-element-f32410f elementor-widget elementor-widget-heading\" data-id=\"f32410f\" data-element_type=\"widget\" data-widget_type=\"heading.default\">\n\t\t\t\t<div class=\"elementor-widget-container\">\n\t\t\t\t\t<h2 class=\"elementor-heading-title elementor-size-default\">Daniel Batista St\u00e4helin<\/h2>\t\t\t\t<\/div>\n\t\t\t\t<\/div>\n\t\t\t\t<div class=\"elementor-element elementor-element-f912a6d elementor-widget__width-initial elementor-widget elementor-widget-heading\" data-id=\"f912a6d\" data-element_type=\"widget\" data-widget_type=\"heading.default\">\n\t\t\t\t<div class=\"elementor-widget-container\">\n\t\t\t\t\t<p class=\"elementor-heading-title elementor-size-default\">Advogado e Mediador<\/p>\t\t\t\t<\/div>\n\t\t\t\t<\/div>\n\t\t\t\t\t<\/div>\n\t\t<\/div>\n\t\t\t\t\t<\/div>\n\t\t<\/section>\n\t\t\t\t<section class=\"elementor-section elementor-inner-section elementor-element elementor-element-45e37a9 elementor-section-boxed elementor-section-height-default elementor-section-height-default\" data-id=\"45e37a9\" data-element_type=\"section\">\n\t\t\t\t\t\t<div class=\"elementor-container elementor-column-gap-no\">\n\t\t\t\t\t<div class=\"elementor-column elementor-col-50 elementor-inner-column elementor-element elementor-element-3d5b310 elementor-invisible\" data-id=\"3d5b310\" data-element_type=\"column\" data-settings=\"{&quot;animation&quot;:&quot;fadeInLeft&quot;}\">\n\t\t\t<div class=\"elementor-widget-wrap elementor-element-populated\">\n\t\t\t\t\t\t<div class=\"elementor-element elementor-element-1dc8a1d elementor-widget elementor-widget-image\" data-id=\"1dc8a1d\" data-element_type=\"widget\" data-widget_type=\"image.default\">\n\t\t\t\t<div class=\"elementor-widget-container\">\n\t\t\t\t\t\t\t\t\t\t\t\t\t\t\t<img loading=\"lazy\" decoding=\"async\" width=\"800\" height=\"519\" src=\"https:\/\/camaraimediatto.com.br\/2023\/wp-content\/uploads\/2023\/06\/Daniel-Batista-Stahelin.jpg\" class=\"attachment-large size-large wp-image-301\" alt=\"\" srcset=\"https:\/\/camaraimediatto.com.br\/2023\/wp-content\/uploads\/2023\/06\/Daniel-Batista-Stahelin.jpg 857w, https:\/\/camaraimediatto.com.br\/2023\/wp-content\/uploads\/2023\/06\/Daniel-Batista-Stahelin-300x195.jpg 300w, https:\/\/camaraimediatto.com.br\/2023\/wp-content\/uploads\/2023\/06\/Daniel-Batista-Stahelin-768x498.jpg 768w\" sizes=\"(max-width: 800px) 100vw, 800px\" \/>\t\t\t\t\t\t\t\t\t\t\t\t\t\t\t<\/div>\n\t\t\t\t<\/div>\n\t\t\t\t<div class=\"elementor-element elementor-element-cadcad6 elementor-widget elementor-widget-text-editor\" data-id=\"cadcad6\" data-element_type=\"widget\" data-widget_type=\"text-editor.default\">\n\t\t\t\t<div class=\"elementor-widget-container\">\n\t\t\t\t\t\t\t\t\t<p>HIST\u00d3RICO DE TRABALHO<br \/><br \/>Mediador Judicial \u2013 2018 \u2013 atual<br \/>Mediador Judicial das Varas da Fam\u00edlia da Comarca da Capital\/SC, 1a Vara C\u00edvel da Comarca de S\u00e3o Jo\u00e3o Batista\/SC, 1a Vara C\u00edvel da Comarca de Tijucas\/SC e 2a Vara C\u00edvel da Comarca de S\u00e3o Bento do Sul\/SC<br \/>Mediador Familiar \u2013 2014 \u2013 atual<br \/>Mediador privado com atua\u00e7\u00e3o no meio virtual e presencial<br \/>Advogado Consultivo e Colaborativo \u2013 2013 \u2013 atual<br \/>Advogado consultivo familiarista e dos MASCs, e atuante em Pr\u00e1ticas Colaborativas<br \/>Mediador Familiar \u2013 2007 \u2013 2017<br \/>Mediador no servi\u00e7o de Media\u00e7\u00e3o Familiar do F\u00f3rum da Capital\/SC<br \/>Conciliador Judicial \u2013 2009 \u2013 2011<br \/>Conciliador Judicial no F\u00f3rum Distrital da UFSC da Comarca da Capital\/SC<br \/>Professor de Media\u00e7\u00e3o<br \/>Workshop O Advogado na Media\u00e7\u00e3o \u2013 Universidade Anhanguera 2019<br \/>Curso Media\u00e7\u00e3o na Cultura do Consenso \u2013 UNIVALI \u2013 2020<br \/>Curso Gest\u00e3o de Conflitos Familiares: Profissionais do Consenso \u2013 privado \u2013 2021 Curso Gest\u00e3o de Conflitos Familiares: Luto no Div\u00f3rcio \u2013 privado \u2013 2021<\/p>\t\t\t\t\t\t\t\t<\/div>\n\t\t\t\t<\/div>\n\t\t\t\t\t<\/div>\n\t\t<\/div>\n\t\t\t\t<div class=\"elementor-column elementor-col-50 elementor-inner-column elementor-element elementor-element-71ef5f7 elementor-invisible\" data-id=\"71ef5f7\" data-element_type=\"column\" data-settings=\"{&quot;animation&quot;:&quot;fadeInLeft&quot;}\">\n\t\t\t<div class=\"elementor-widget-wrap elementor-element-populated\">\n\t\t\t\t\t\t<section class=\"elementor-section elementor-inner-section elementor-element elementor-element-0e09d10 elementor-section-boxed elementor-section-height-default elementor-section-height-default\" data-id=\"0e09d10\" data-element_type=\"section\">\n\t\t\t\t\t\t<div class=\"elementor-container elementor-column-gap-no\">\n\t\t\t\t\t<div class=\"elementor-column elementor-col-100 elementor-inner-column elementor-element elementor-element-2e39b4a\" data-id=\"2e39b4a\" data-element_type=\"column\" data-settings=\"{&quot;background_background&quot;:&quot;classic&quot;}\">\n\t\t\t<div class=\"elementor-widget-wrap elementor-element-populated\">\n\t\t\t\t\t\t<div class=\"elementor-element elementor-element-90790b6 elementor-widget elementor-widget-heading\" data-id=\"90790b6\" data-element_type=\"widget\" data-widget_type=\"heading.default\">\n\t\t\t\t<div class=\"elementor-widget-container\">\n\t\t\t\t\t<h6 class=\"elementor-heading-title elementor-size-default\">Forma\u00e7\u00e3o<\/h6>\t\t\t\t<\/div>\n\t\t\t\t<\/div>\n\t\t\t\t<div class=\"elementor-element elementor-element-7b510b8 elementor-widget elementor-widget-heading\" data-id=\"7b510b8\" data-element_type=\"widget\" data-widget_type=\"heading.default\">\n\t\t\t\t<div class=\"elementor-widget-container\">\n\t\t\t\t\t<p class=\"elementor-heading-title elementor-size-default\"><b>F<\/b>aculdade Uniban<br>\nGradua\u00e7\u00e3o em Direito \u2013 2006\/2011\n<br>\n<b>F<\/b>aculdade UniBF<br>\nP\u00f3s Graduado em Media\u00e7\u00e3o e Concilia\u00e7\u00e3o P\u00f3s Graduado em Neuropsicologia\nP\u00f3s Graduado em Terapia de Casais e Fam\u00edlia<\/p>\t\t\t\t<\/div>\n\t\t\t\t<\/div>\n\t\t\t\t\t<\/div>\n\t\t<\/div>\n\t\t\t\t\t<\/div>\n\t\t<\/section>\n\t\t\t\t<section class=\"elementor-section elementor-inner-section elementor-element elementor-element-26e6999 elementor-section-boxed elementor-section-height-default elementor-section-height-default\" data-id=\"26e6999\" data-element_type=\"section\">\n\t\t\t\t\t\t<div class=\"elementor-container elementor-column-gap-no\">\n\t\t\t\t\t<div class=\"elementor-column elementor-col-100 elementor-inner-column elementor-element elementor-element-058a18b\" data-id=\"058a18b\" data-element_type=\"column\" data-settings=\"{&quot;background_background&quot;:&quot;classic&quot;}\">\n\t\t\t<div class=\"elementor-widget-wrap elementor-element-populated\">\n\t\t\t\t\t\t<div class=\"elementor-element elementor-element-3bb67c3 elementor-widget elementor-widget-heading\" data-id=\"3bb67c3\" data-element_type=\"widget\" data-widget_type=\"heading.default\">\n\t\t\t\t<div class=\"elementor-widget-container\">\n\t\t\t\t\t<h6 class=\"elementor-heading-title elementor-size-default\">Forma\u00e7\u00e3o Complementar<\/h6>\t\t\t\t<\/div>\n\t\t\t\t<\/div>\n\t\t\t\t<div class=\"elementor-element elementor-element-791d188 elementor-widget elementor-widget-heading\" data-id=\"791d188\" data-element_type=\"widget\" data-widget_type=\"heading.default\">\n\t\t\t\t<div class=\"elementor-widget-container\">\n\t\t\t\t\t<p class=\"elementor-heading-title elementor-size-default\"><b>I<\/b>nstituto Brasileiro de Pr\u00e1ticas Colaborativas \u2013 IBPC\nCapacita\u00e7\u00e3o em Pr\u00e1ticas Colaborativas \u2013 2022\n<br>\n<b>C<\/b>entro Catarinense de Resolu\u00e7\u00e3o de Conflitos \u2013 CCRC\nCurso de Media\u00e7\u00e3o e Arbitragem \u2013 2018\n<br>\n<b>C<\/b>entro de Estudos Jur\u00eddicos \u2013 Academia Judicial \u2013 TJ\/SC\nCapacita\u00e7\u00e3o em Compet\u00eancias da Media\u00e7\u00e3o Judicial 2014 e 2017 \u2013 certifica\u00e7\u00e3o CNJ Curso de Forma\u00e7\u00e3o Avan\u00e7ada para Mediadores Familiares \u2013 2012\n<br>\n<b>C<\/b>ESUSC \u2013 Complexo de Ensino Superior de Santa Catarina Curso de Aperfei\u00e7oamento em Media\u00e7\u00e3o \u2013 2008\nCurso de Forma\u00e7\u00e3o B\u00e1sica para Mediadores \u2013 2007<\/p>\t\t\t\t<\/div>\n\t\t\t\t<\/div>\n\t\t\t\t\t<\/div>\n\t\t<\/div>\n\t\t\t\t\t<\/div>\n\t\t<\/section>\n\t\t\t\t<section class=\"elementor-section elementor-inner-section elementor-element elementor-element-6b00945 elementor-section-boxed elementor-section-height-default elementor-section-height-default\" data-id=\"6b00945\" data-element_type=\"section\">\n\t\t\t\t\t\t<div class=\"elementor-container elementor-column-gap-no\">\n\t\t\t\t\t<div class=\"elementor-column elementor-col-100 elementor-inner-column elementor-element elementor-element-cd5b17b\" data-id=\"cd5b17b\" data-element_type=\"column\" data-settings=\"{&quot;background_background&quot;:&quot;classic&quot;}\">\n\t\t\t<div class=\"elementor-widget-wrap elementor-element-populated\">\n\t\t\t\t\t\t<div class=\"elementor-element elementor-element-20e98d0 elementor-widget elementor-widget-heading\" data-id=\"20e98d0\" data-element_type=\"widget\" data-widget_type=\"heading.default\">\n\t\t\t\t<div class=\"elementor-widget-container\">\n\t\t\t\t\t<h6 class=\"elementor-heading-title elementor-size-default\">Experi\u00eancia Complementar<\/h6>\t\t\t\t<\/div>\n\t\t\t\t<\/div>\n\t\t\t\t<div class=\"elementor-element elementor-element-9c42cae elementor-widget elementor-widget-heading\" data-id=\"9c42cae\" data-element_type=\"widget\" data-widget_type=\"heading.default\">\n\t\t\t\t<div class=\"elementor-widget-container\">\n\t\t\t\t\t<p class=\"elementor-heading-title elementor-size-default\"><b><\/b>Instituto Brasileiro de Direito de Fam\u00edlia \u2013 IBDFam Membro da Comiss\u00e3o de Media\u00e7\u00e3o Nacional\nPresidente da Comiss\u00e3o de Media\u00e7\u00e3o e Pr\u00e1ticas Colaborativas de SC\n<br>\n<b>I<\/b>nstituto Familiaristas\nVice-Presidente da Comiss\u00e3o de Gest\u00e3o de Conflitos\n<br>\n<b>O<\/b>rdem dos Advogados do Brasil\nVice-Presidente da Comiss\u00e3o de Concilia\u00e7\u00e3o e Media\u00e7\u00e3o da Seccional de Santa Catarina Vice-Presidente da Comiss\u00e3o de Media\u00e7\u00e3o e Concilia\u00e7\u00e3o da Subse\u00e7\u00e3o de S\u00e3o Jos\u00e9<\/p>\t\t\t\t<\/div>\n\t\t\t\t<\/div>\n\t\t\t\t\t<\/div>\n\t\t<\/div>\n\t\t\t\t\t<\/div>\n\t\t<\/section>\n\t\t\t\t\t<\/div>\n\t\t<\/div>\n\t\t\t\t\t<\/div>\n\t\t<\/section>\n\t\t\t\t\t<\/div>\n\t\t<\/div>\n\t\t\t\t\t<\/div>\n\t\t<\/section>\n\t\t\t\t<section class=\"elementor-section elementor-top-section elementor-element elementor-element-31d2bd6 elementor-hidden-desktop elementor-section-boxed elementor-section-height-default elementor-section-height-default\" data-id=\"31d2bd6\" data-element_type=\"section\" id=\"danielM\" data-settings=\"{&quot;background_background&quot;:&quot;classic&quot;}\">\n\t\t\t\t\t\t<div class=\"elementor-container elementor-column-gap-no\">\n\t\t\t\t\t<div class=\"elementor-column elementor-col-100 elementor-top-column elementor-element elementor-element-076dd5c\" data-id=\"076dd5c\" data-element_type=\"column\">\n\t\t\t<div class=\"elementor-widget-wrap elementor-element-populated\">\n\t\t\t\t\t\t<section class=\"elementor-section elementor-inner-section elementor-element elementor-element-6215d4a elementor-section-boxed elementor-section-height-default elementor-section-height-default elementor-invisible\" data-id=\"6215d4a\" data-element_type=\"section\" data-settings=\"{&quot;animation&quot;:&quot;fadeInUp&quot;}\">\n\t\t\t\t\t\t<div class=\"elementor-container elementor-column-gap-no\">\n\t\t\t\t\t<div class=\"elementor-column elementor-col-100 elementor-inner-column elementor-element elementor-element-bf37a9b\" data-id=\"bf37a9b\" data-element_type=\"column\">\n\t\t\t<div class=\"elementor-widget-wrap elementor-element-populated\">\n\t\t\t\t\t\t<div class=\"elementor-element elementor-element-663f737 elementor-widget elementor-widget-heading\" data-id=\"663f737\" data-element_type=\"widget\" data-widget_type=\"heading.default\">\n\t\t\t\t<div class=\"elementor-widget-container\">\n\t\t\t\t\t<h2 class=\"elementor-heading-title elementor-size-default\">Daniel Batista St\u00e4helin<\/h2>\t\t\t\t<\/div>\n\t\t\t\t<\/div>\n\t\t\t\t<div class=\"elementor-element elementor-element-7f40b54 elementor-widget__width-initial elementor-widget elementor-widget-heading\" data-id=\"7f40b54\" data-element_type=\"widget\" data-widget_type=\"heading.default\">\n\t\t\t\t<div class=\"elementor-widget-container\">\n\t\t\t\t\t<p class=\"elementor-heading-title elementor-size-default\">Advogado e Mediador<\/p>\t\t\t\t<\/div>\n\t\t\t\t<\/div>\n\t\t\t\t\t<\/div>\n\t\t<\/div>\n\t\t\t\t\t<\/div>\n\t\t<\/section>\n\t\t\t\t<section class=\"elementor-section elementor-inner-section elementor-element elementor-element-b067195 elementor-section-boxed elementor-section-height-default elementor-section-height-default\" data-id=\"b067195\" data-element_type=\"section\">\n\t\t\t\t\t\t<div class=\"elementor-container elementor-column-gap-no\">\n\t\t\t\t\t<div class=\"elementor-column elementor-col-50 elementor-inner-column elementor-element elementor-element-ccbb500 elementor-invisible\" data-id=\"ccbb500\" data-element_type=\"column\" data-settings=\"{&quot;animation&quot;:&quot;fadeInLeft&quot;}\">\n\t\t\t<div class=\"elementor-widget-wrap elementor-element-populated\">\n\t\t\t\t\t\t<div class=\"elementor-element elementor-element-cc7c576 elementor-widget elementor-widget-image\" data-id=\"cc7c576\" data-element_type=\"widget\" data-widget_type=\"image.default\">\n\t\t\t\t<div class=\"elementor-widget-container\">\n\t\t\t\t\t\t\t\t\t\t\t\t\t\t\t<img loading=\"lazy\" decoding=\"async\" width=\"800\" height=\"519\" src=\"https:\/\/camaraimediatto.com.br\/2023\/wp-content\/uploads\/2023\/06\/Daniel-Batista-Stahelin.jpg\" class=\"attachment-large size-large wp-image-301\" alt=\"\" srcset=\"https:\/\/camaraimediatto.com.br\/2023\/wp-content\/uploads\/2023\/06\/Daniel-Batista-Stahelin.jpg 857w, https:\/\/camaraimediatto.com.br\/2023\/wp-content\/uploads\/2023\/06\/Daniel-Batista-Stahelin-300x195.jpg 300w, https:\/\/camaraimediatto.com.br\/2023\/wp-content\/uploads\/2023\/06\/Daniel-Batista-Stahelin-768x498.jpg 768w\" sizes=\"(max-width: 800px) 100vw, 800px\" \/>\t\t\t\t\t\t\t\t\t\t\t\t\t\t\t<\/div>\n\t\t\t\t<\/div>\n\t\t\t\t\t<\/div>\n\t\t<\/div>\n\t\t\t\t<div class=\"elementor-column elementor-col-50 elementor-inner-column elementor-element elementor-element-f54e13d elementor-invisible\" data-id=\"f54e13d\" data-element_type=\"column\" data-settings=\"{&quot;animation&quot;:&quot;fadeInLeft&quot;}\">\n\t\t\t<div class=\"elementor-widget-wrap elementor-element-populated\">\n\t\t\t\t\t\t<section class=\"elementor-section elementor-inner-section elementor-element elementor-element-bbfbdf3 elementor-section-boxed elementor-section-height-default elementor-section-height-default\" data-id=\"bbfbdf3\" data-element_type=\"section\">\n\t\t\t\t\t\t<div class=\"elementor-container elementor-column-gap-no\">\n\t\t\t\t\t<div class=\"elementor-column elementor-col-100 elementor-inner-column elementor-element elementor-element-70cb627\" data-id=\"70cb627\" data-element_type=\"column\" data-settings=\"{&quot;background_background&quot;:&quot;classic&quot;}\">\n\t\t\t<div class=\"elementor-widget-wrap elementor-element-populated\">\n\t\t\t\t\t\t<div class=\"elementor-element elementor-element-2e8ce9c elementor-widget elementor-widget-heading\" data-id=\"2e8ce9c\" data-element_type=\"widget\" data-widget_type=\"heading.default\">\n\t\t\t\t<div class=\"elementor-widget-container\">\n\t\t\t\t\t<h6 class=\"elementor-heading-title elementor-size-default\">Forma\u00e7\u00e3o<\/h6>\t\t\t\t<\/div>\n\t\t\t\t<\/div>\n\t\t\t\t<div class=\"elementor-element elementor-element-ea9d6ed elementor-widget elementor-widget-heading\" data-id=\"ea9d6ed\" data-element_type=\"widget\" data-widget_type=\"heading.default\">\n\t\t\t\t<div class=\"elementor-widget-container\">\n\t\t\t\t\t<p class=\"elementor-heading-title elementor-size-default\"><b>F<\/b>aculdade Uniban<br>\nGradua\u00e7\u00e3o em Direito \u2013 2006\/2011\n<br>\n<b>F<\/b>aculdade UniBF<br>\nP\u00f3s Graduado em Media\u00e7\u00e3o e Concilia\u00e7\u00e3o P\u00f3s Graduado em Neuropsicologia\nP\u00f3s Graduado em Terapia de Casais e Fam\u00edlia<\/p>\t\t\t\t<\/div>\n\t\t\t\t<\/div>\n\t\t\t\t\t<\/div>\n\t\t<\/div>\n\t\t\t\t\t<\/div>\n\t\t<\/section>\n\t\t\t\t<section class=\"elementor-section elementor-inner-section elementor-element elementor-element-ad6a390 elementor-section-boxed elementor-section-height-default elementor-section-height-default\" data-id=\"ad6a390\" data-element_type=\"section\">\n\t\t\t\t\t\t<div class=\"elementor-container elementor-column-gap-no\">\n\t\t\t\t\t<div class=\"elementor-column elementor-col-100 elementor-inner-column elementor-element elementor-element-af0219d\" data-id=\"af0219d\" data-element_type=\"column\" data-settings=\"{&quot;background_background&quot;:&quot;classic&quot;}\">\n\t\t\t<div class=\"elementor-widget-wrap elementor-element-populated\">\n\t\t\t\t\t\t<div class=\"elementor-element elementor-element-ec8d85d elementor-widget elementor-widget-heading\" data-id=\"ec8d85d\" data-element_type=\"widget\" data-widget_type=\"heading.default\">\n\t\t\t\t<div class=\"elementor-widget-container\">\n\t\t\t\t\t<h6 class=\"elementor-heading-title elementor-size-default\">Forma\u00e7\u00e3o Complementar<\/h6>\t\t\t\t<\/div>\n\t\t\t\t<\/div>\n\t\t\t\t<div class=\"elementor-element elementor-element-1c88f8b elementor-widget elementor-widget-heading\" data-id=\"1c88f8b\" data-element_type=\"widget\" data-widget_type=\"heading.default\">\n\t\t\t\t<div class=\"elementor-widget-container\">\n\t\t\t\t\t<p class=\"elementor-heading-title elementor-size-default\"><b>I<\/b>nstituto Brasileiro de Pr\u00e1ticas Colaborativas \u2013 IBPC\nCapacita\u00e7\u00e3o em Pr\u00e1ticas Colaborativas \u2013 2022\n<br>\n<b>C<\/b>entro Catarinense de Resolu\u00e7\u00e3o de Conflitos \u2013 CCRC\nCurso de Media\u00e7\u00e3o e Arbitragem \u2013 2018\n<br>\n<b>C<\/b>entro de Estudos Jur\u00eddicos \u2013 Academia Judicial \u2013 TJ\/SC\nCapacita\u00e7\u00e3o em Compet\u00eancias da Media\u00e7\u00e3o Judicial 2014 e 2017 \u2013 certifica\u00e7\u00e3o CNJ Curso de Forma\u00e7\u00e3o Avan\u00e7ada para Mediadores Familiares \u2013 2012\n<br>\n<b>C<\/b>ESUSC \u2013 Complexo de Ensino Superior de Santa Catarina Curso de Aperfei\u00e7oamento em Media\u00e7\u00e3o \u2013 2008\nCurso de Forma\u00e7\u00e3o B\u00e1sica para Mediadores \u2013 2007<\/p>\t\t\t\t<\/div>\n\t\t\t\t<\/div>\n\t\t\t\t\t<\/div>\n\t\t<\/div>\n\t\t\t\t\t<\/div>\n\t\t<\/section>\n\t\t\t\t<section class=\"elementor-section elementor-inner-section elementor-element elementor-element-ab5822b elementor-section-boxed elementor-section-height-default elementor-section-height-default\" data-id=\"ab5822b\" data-element_type=\"section\">\n\t\t\t\t\t\t<div class=\"elementor-container elementor-column-gap-no\">\n\t\t\t\t\t<div class=\"elementor-column elementor-col-100 elementor-inner-column elementor-element elementor-element-72e9d58\" data-id=\"72e9d58\" data-element_type=\"column\" data-settings=\"{&quot;background_background&quot;:&quot;classic&quot;}\">\n\t\t\t<div class=\"elementor-widget-wrap elementor-element-populated\">\n\t\t\t\t\t\t<div class=\"elementor-element elementor-element-a2e32cf elementor-widget elementor-widget-heading\" data-id=\"a2e32cf\" data-element_type=\"widget\" data-widget_type=\"heading.default\">\n\t\t\t\t<div class=\"elementor-widget-container\">\n\t\t\t\t\t<h6 class=\"elementor-heading-title elementor-size-default\">Experi\u00eancia Complementar<\/h6>\t\t\t\t<\/div>\n\t\t\t\t<\/div>\n\t\t\t\t<div class=\"elementor-element elementor-element-3422c3c elementor-widget elementor-widget-heading\" data-id=\"3422c3c\" data-element_type=\"widget\" data-widget_type=\"heading.default\">\n\t\t\t\t<div class=\"elementor-widget-container\">\n\t\t\t\t\t<p class=\"elementor-heading-title elementor-size-default\"><b><\/b>Instituto Brasileiro de Direito de Fam\u00edlia \u2013 IBDFam Membro da Comiss\u00e3o de Media\u00e7\u00e3o Nacional\nPresidente da Comiss\u00e3o de Media\u00e7\u00e3o e Pr\u00e1ticas Colaborativas de SC\n<br>\n<b>I<\/b>nstituto Familiaristas\nVice-Presidente da Comiss\u00e3o de Gest\u00e3o de Conflitos\n<br>\n<b>O<\/b>rdem dos Advogados do Brasil\nVice-Presidente da Comiss\u00e3o de Concilia\u00e7\u00e3o e Media\u00e7\u00e3o da Seccional de Santa Catarina Vice-Presidente da Comiss\u00e3o de Media\u00e7\u00e3o e Concilia\u00e7\u00e3o da Subse\u00e7\u00e3o de S\u00e3o Jos\u00e9<\/p>\t\t\t\t<\/div>\n\t\t\t\t<\/div>\n\t\t\t\t\t<\/div>\n\t\t<\/div>\n\t\t\t\t\t<\/div>\n\t\t<\/section>\n\t\t\t\t\t<\/div>\n\t\t<\/div>\n\t\t\t\t\t<\/div>\n\t\t<\/section>\n\t\t\t\t\t<\/div>\n\t\t<\/div>\n\t\t\t\t\t<\/div>\n\t\t<\/section>\n\t\t\t\t<section class=\"elementor-section elementor-top-section elementor-element elementor-element-e476082 elementor-hidden-tablet elementor-hidden-mobile elementor-section-boxed elementor-section-height-default elementor-section-height-default\" data-id=\"e476082\" data-element_type=\"section\" id=\"walcleia\" data-settings=\"{&quot;background_background&quot;:&quot;classic&quot;}\">\n\t\t\t\t\t\t<div class=\"elementor-container elementor-column-gap-no\">\n\t\t\t\t\t<div class=\"elementor-column elementor-col-100 elementor-top-column elementor-element elementor-element-c4908c8\" data-id=\"c4908c8\" data-element_type=\"column\">\n\t\t\t<div class=\"elementor-widget-wrap elementor-element-populated\">\n\t\t\t\t\t\t<section class=\"elementor-section elementor-inner-section elementor-element elementor-element-549a04e elementor-section-boxed elementor-section-height-default elementor-section-height-default elementor-invisible\" data-id=\"549a04e\" data-element_type=\"section\" data-settings=\"{&quot;animation&quot;:&quot;fadeInUp&quot;}\">\n\t\t\t\t\t\t<div class=\"elementor-container elementor-column-gap-no\">\n\t\t\t\t\t<div class=\"elementor-column elementor-col-100 elementor-inner-column elementor-element elementor-element-8d03ec3\" data-id=\"8d03ec3\" data-element_type=\"column\">\n\t\t\t<div class=\"elementor-widget-wrap elementor-element-populated\">\n\t\t\t\t\t\t<div class=\"elementor-element elementor-element-8d78caa elementor-widget elementor-widget-heading\" data-id=\"8d78caa\" data-element_type=\"widget\" data-widget_type=\"heading.default\">\n\t\t\t\t<div class=\"elementor-widget-container\">\n\t\t\t\t\t<h2 class=\"elementor-heading-title elementor-size-default\">Walcl\u00e9ia Montenegro<\/h2>\t\t\t\t<\/div>\n\t\t\t\t<\/div>\n\t\t\t\t<div class=\"elementor-element elementor-element-2596be4 elementor-widget__width-initial elementor-widget elementor-widget-heading\" data-id=\"2596be4\" data-element_type=\"widget\" data-widget_type=\"heading.default\">\n\t\t\t\t<div class=\"elementor-widget-container\">\n\t\t\t\t\t<p class=\"elementor-heading-title elementor-size-default\">Consultoria Jur\u00eddica, Mediadora e Advogada<\/p>\t\t\t\t<\/div>\n\t\t\t\t<\/div>\n\t\t\t\t\t<\/div>\n\t\t<\/div>\n\t\t\t\t\t<\/div>\n\t\t<\/section>\n\t\t\t\t<section class=\"elementor-section elementor-inner-section elementor-element elementor-element-a6dac61 elementor-section-boxed elementor-section-height-default elementor-section-height-default\" data-id=\"a6dac61\" data-element_type=\"section\">\n\t\t\t\t\t\t<div class=\"elementor-container elementor-column-gap-no\">\n\t\t\t\t\t<div class=\"elementor-column elementor-col-50 elementor-inner-column elementor-element elementor-element-2ef3695 elementor-invisible\" data-id=\"2ef3695\" data-element_type=\"column\" data-settings=\"{&quot;animation&quot;:&quot;fadeInLeft&quot;}\">\n\t\t\t<div class=\"elementor-widget-wrap elementor-element-populated\">\n\t\t\t\t\t\t<section class=\"elementor-section elementor-inner-section elementor-element elementor-element-bbc3a66 elementor-section-boxed elementor-section-height-default elementor-section-height-default\" data-id=\"bbc3a66\" data-element_type=\"section\">\n\t\t\t\t\t\t<div class=\"elementor-container elementor-column-gap-no\">\n\t\t\t\t\t<div class=\"elementor-column elementor-col-100 elementor-inner-column elementor-element elementor-element-ab354e7\" data-id=\"ab354e7\" data-element_type=\"column\" data-settings=\"{&quot;background_background&quot;:&quot;classic&quot;}\">\n\t\t\t<div class=\"elementor-widget-wrap elementor-element-populated\">\n\t\t\t\t\t\t<div class=\"elementor-element elementor-element-fa849dd elementor-widget elementor-widget-heading\" data-id=\"fa849dd\" data-element_type=\"widget\" data-widget_type=\"heading.default\">\n\t\t\t\t<div class=\"elementor-widget-container\">\n\t\t\t\t\t<h6 class=\"elementor-heading-title elementor-size-default\">Forma\u00e7\u00e3o<\/h6>\t\t\t\t<\/div>\n\t\t\t\t<\/div>\n\t\t\t\t<div class=\"elementor-element elementor-element-c9914d3 elementor-widget elementor-widget-heading\" data-id=\"c9914d3\" data-element_type=\"widget\" data-widget_type=\"heading.default\">\n\t\t\t\t<div class=\"elementor-widget-container\">\n\t\t\t\t\t<p class=\"elementor-heading-title elementor-size-default\"><b>A<\/b>dvogada graduada pela Universidade Gama Filho, inscrita na OAB da Seccional do Estado do Rio de Janeiro;\n<br>\n<b>P<\/b>\u00f3s-graduada em Direito Eletr\u00f4nico pela Universidade Est\u00e1cio de S\u00e1, com \u00eanfase em Solu\u00e7\u00e3o Alternativa de Controv\u00e9rsias na Sociedade da Informa\u00e7\u00e3o \u2013 \u201cOn line Dispute Resolutions\u201d;\n<br>\n<b>M<\/b>ediadora Judicial e Extrajudicial formada pela AB C\u00c2MARA DE MEDIA\u00c7\u00c3O;\n<br>\n<b>M<\/b>ediadora Extrajudicial, Coaching na Media\u00e7\u00e3o, Implanta\u00e7\u00e3o e Secretariado em C\u00e2maras, capacitada pelo Centro de Mediadores- Instituto de Ensino;\n<br>\n<b>C<\/b>apacitada em An\u00e1lise Cient\u00edfica do Comportamento n\u00e3o verbal e metodologias de avalia\u00e7\u00e3o de credibilidade de conduta pelo CLUE-LAB Laborat\u00f3rio de Estudos em Desenvolvimento Humano.<\/p>\t\t\t\t<\/div>\n\t\t\t\t<\/div>\n\t\t\t\t\t<\/div>\n\t\t<\/div>\n\t\t\t\t\t<\/div>\n\t\t<\/section>\n\t\t\t\t<section class=\"elementor-section elementor-inner-section elementor-element elementor-element-3a943c1 elementor-section-boxed elementor-section-height-default elementor-section-height-default\" data-id=\"3a943c1\" data-element_type=\"section\">\n\t\t\t\t\t\t<div class=\"elementor-container elementor-column-gap-no\">\n\t\t\t\t\t<div class=\"elementor-column elementor-col-100 elementor-inner-column elementor-element elementor-element-111527c\" data-id=\"111527c\" data-element_type=\"column\" data-settings=\"{&quot;background_background&quot;:&quot;classic&quot;}\">\n\t\t\t<div class=\"elementor-widget-wrap elementor-element-populated\">\n\t\t\t\t\t\t<div class=\"elementor-element elementor-element-303ff43 elementor-widget elementor-widget-heading\" data-id=\"303ff43\" data-element_type=\"widget\" data-widget_type=\"heading.default\">\n\t\t\t\t<div class=\"elementor-widget-container\">\n\t\t\t\t\t<h6 class=\"elementor-heading-title elementor-size-default\">Qualifica\u00e7\u00f5es<\/h6>\t\t\t\t<\/div>\n\t\t\t\t<\/div>\n\t\t\t\t<div class=\"elementor-element elementor-element-36d7722 elementor-widget elementor-widget-heading\" data-id=\"36d7722\" data-element_type=\"widget\" data-widget_type=\"heading.default\">\n\t\t\t\t<div class=\"elementor-widget-container\">\n\t\t\t\t\t<p class=\"elementor-heading-title elementor-size-default\"><b>C<\/b>ompetente Mediadora Judicial com cadastrada no Tribunal de Justi\u00e7a do Estado do Rio de Janeiro \u2013 NUPEMEC, atuando junto ao Centro Judici\u00e1rio de Solu\u00e7\u00e3o de Conflitos e Cidadania \u2013 CEJUSC. Seu Cadastro de Conciliadores e Mediadores aprovado pelo CNJ lhe permite atuar tamb\u00e9m junto ao Tribunal de Justi\u00e7a do Estado de Santa Catariana.<\/p>\t\t\t\t<\/div>\n\t\t\t\t<\/div>\n\t\t\t\t\t<\/div>\n\t\t<\/div>\n\t\t\t\t\t<\/div>\n\t\t<\/section>\n\t\t\t\t<section class=\"elementor-section elementor-inner-section elementor-element elementor-element-0a3af81 elementor-section-boxed elementor-section-height-default elementor-section-height-default\" data-id=\"0a3af81\" data-element_type=\"section\">\n\t\t\t\t\t\t<div class=\"elementor-container elementor-column-gap-no\">\n\t\t\t\t\t<div class=\"elementor-column elementor-col-100 elementor-inner-column elementor-element elementor-element-c19457f\" data-id=\"c19457f\" data-element_type=\"column\" data-settings=\"{&quot;background_background&quot;:&quot;classic&quot;}\">\n\t\t\t<div class=\"elementor-widget-wrap elementor-element-populated\">\n\t\t\t\t\t\t<div class=\"elementor-element elementor-element-5cd9ff2 elementor-widget elementor-widget-heading\" data-id=\"5cd9ff2\" data-element_type=\"widget\" data-widget_type=\"heading.default\">\n\t\t\t\t<div class=\"elementor-widget-container\">\n\t\t\t\t\t<h6 class=\"elementor-heading-title elementor-size-default\">Experi\u00eancia<\/h6>\t\t\t\t<\/div>\n\t\t\t\t<\/div>\n\t\t\t\t<div class=\"elementor-element elementor-element-af73b66 elementor-widget elementor-widget-heading\" data-id=\"af73b66\" data-element_type=\"widget\" data-widget_type=\"heading.default\">\n\t\t\t\t<div class=\"elementor-widget-container\">\n\t\t\t\t\t<p class=\"elementor-heading-title elementor-size-default\"><b>C<\/b>ultiva fortes la\u00e7os com a advocacia colaborativa em busca de um desfecho consensual na esfera judicial.\n<br>\n<b>T<\/b>rabalhou no Escrit\u00f3rio de Advocacia militando na \u00e1rea criminal em parceria com Paulo S\u00e9rgio Gon\u00e7alves Gazula *\n<br>\n<b>C<\/b>arreira voltada para a esfera contenciosa do Direito, adquirindo experi\u00eancia na \u00e1rea do Direito de Fam\u00edlia quando exerceu a Fun\u00e7\u00e3o de Conciliadora nas quest\u00f5es atinentes ao Juizado Informal de Concilia\u00e7\u00e3o da Vara de Fam\u00edlia.\n<br>\n<b>F<\/b>oi membro da Comiss\u00e3o de Estudos de Direito Civil e no evento de Ciclo de Estudos de Direito Civil realizado na OAB\/RJ, 57\u00aa Subse\u00e7\u00e3o da Barra da Tijuca, palestrou sobre o tema \u201cA Fun\u00e7\u00e3o Punitiva do Dano Moral\u201d\n<br>\n<b>I<\/b>ntegrou os quadros da OAB\/RJ como \u201cDelegada da Comiss\u00e3o de Defesa, Assist\u00eancia e Prerrogativas do Advogado\u201d atuou junto \u00e0 Justi\u00e7a Estadual do Tribunal de Justi\u00e7a do Estado do Rio de Janeiro.\n<br>\n<b>N<\/b>o III Tribunal do J\u00fari do Tribunal de Justi\u00e7a do Estado do Rio de Janeiro recebeu o \u201cStatus\u201d de Jurada.<\/p>\t\t\t\t<\/div>\n\t\t\t\t<\/div>\n\t\t\t\t\t<\/div>\n\t\t<\/div>\n\t\t\t\t\t<\/div>\n\t\t<\/section>\n\t\t\t\t\t<\/div>\n\t\t<\/div>\n\t\t\t\t<div class=\"elementor-column elementor-col-50 elementor-inner-column elementor-element elementor-element-d087ce4 elementor-invisible\" data-id=\"d087ce4\" data-element_type=\"column\" data-settings=\"{&quot;animation&quot;:&quot;fadeInRight&quot;}\">\n\t\t\t<div class=\"elementor-widget-wrap elementor-element-populated\">\n\t\t\t\t\t\t<div class=\"elementor-element elementor-element-90fcabd elementor-widget elementor-widget-image\" data-id=\"90fcabd\" data-element_type=\"widget\" data-widget_type=\"image.default\">\n\t\t\t\t<div class=\"elementor-widget-container\">\n\t\t\t\t\t\t\t\t\t\t\t\t\t\t\t<img loading=\"lazy\" decoding=\"async\" width=\"800\" height=\"519\" src=\"https:\/\/camaraimediatto.com.br\/2023\/wp-content\/uploads\/2023\/06\/Walcleia-Montenegro.jpg\" class=\"attachment-large size-large wp-image-302\" alt=\"\" srcset=\"https:\/\/camaraimediatto.com.br\/2023\/wp-content\/uploads\/2023\/06\/Walcleia-Montenegro.jpg 857w, https:\/\/camaraimediatto.com.br\/2023\/wp-content\/uploads\/2023\/06\/Walcleia-Montenegro-300x195.jpg 300w, https:\/\/camaraimediatto.com.br\/2023\/wp-content\/uploads\/2023\/06\/Walcleia-Montenegro-768x498.jpg 768w\" sizes=\"(max-width: 800px) 100vw, 800px\" \/>\t\t\t\t\t\t\t\t\t\t\t\t\t\t\t<\/div>\n\t\t\t\t<\/div>\n\t\t\t\t\t<\/div>\n\t\t<\/div>\n\t\t\t\t\t<\/div>\n\t\t<\/section>\n\t\t\t\t\t<\/div>\n\t\t<\/div>\n\t\t\t\t\t<\/div>\n\t\t<\/section>\n\t\t\t\t<section class=\"elementor-section elementor-top-section elementor-element elementor-element-44e758b elementor-hidden-desktop elementor-section-boxed elementor-section-height-default elementor-section-height-default\" data-id=\"44e758b\" data-element_type=\"section\" id=\"walcleiaM\" data-settings=\"{&quot;background_background&quot;:&quot;classic&quot;}\">\n\t\t\t\t\t\t<div class=\"elementor-container elementor-column-gap-no\">\n\t\t\t\t\t<div class=\"elementor-column elementor-col-100 elementor-top-column elementor-element elementor-element-845523d\" data-id=\"845523d\" data-element_type=\"column\">\n\t\t\t<div class=\"elementor-widget-wrap elementor-element-populated\">\n\t\t\t\t\t\t<section class=\"elementor-section elementor-inner-section elementor-element elementor-element-5ad0a13 elementor-section-boxed elementor-section-height-default elementor-section-height-default elementor-invisible\" data-id=\"5ad0a13\" data-element_type=\"section\" data-settings=\"{&quot;animation&quot;:&quot;fadeInUp&quot;}\">\n\t\t\t\t\t\t<div class=\"elementor-container elementor-column-gap-no\">\n\t\t\t\t\t<div class=\"elementor-column elementor-col-100 elementor-inner-column elementor-element elementor-element-00b36fb\" data-id=\"00b36fb\" data-element_type=\"column\">\n\t\t\t<div class=\"elementor-widget-wrap elementor-element-populated\">\n\t\t\t\t\t\t<div class=\"elementor-element elementor-element-46e0983 elementor-widget elementor-widget-heading\" data-id=\"46e0983\" data-element_type=\"widget\" data-widget_type=\"heading.default\">\n\t\t\t\t<div class=\"elementor-widget-container\">\n\t\t\t\t\t<h2 class=\"elementor-heading-title elementor-size-default\">Walcl\u00e9ia Montenegro<\/h2>\t\t\t\t<\/div>\n\t\t\t\t<\/div>\n\t\t\t\t<div class=\"elementor-element elementor-element-ff1f117 elementor-widget__width-initial elementor-widget elementor-widget-heading\" data-id=\"ff1f117\" data-element_type=\"widget\" data-widget_type=\"heading.default\">\n\t\t\t\t<div class=\"elementor-widget-container\">\n\t\t\t\t\t<p class=\"elementor-heading-title elementor-size-default\">Consultoria Jur\u00eddica, Mediadora e Advogada<\/p>\t\t\t\t<\/div>\n\t\t\t\t<\/div>\n\t\t\t\t\t<\/div>\n\t\t<\/div>\n\t\t\t\t\t<\/div>\n\t\t<\/section>\n\t\t\t\t<section class=\"elementor-section elementor-inner-section elementor-element elementor-element-3aa92b0 elementor-section-boxed elementor-section-height-default elementor-section-height-default\" data-id=\"3aa92b0\" data-element_type=\"section\">\n\t\t\t\t\t\t<div class=\"elementor-container elementor-column-gap-no\">\n\t\t\t\t\t<div class=\"elementor-column elementor-col-50 elementor-inner-column elementor-element elementor-element-088ceab elementor-invisible\" data-id=\"088ceab\" data-element_type=\"column\" data-settings=\"{&quot;animation&quot;:&quot;fadeInRight&quot;}\">\n\t\t\t<div class=\"elementor-widget-wrap elementor-element-populated\">\n\t\t\t\t\t\t<div class=\"elementor-element elementor-element-4d0d4dc elementor-widget elementor-widget-image\" data-id=\"4d0d4dc\" data-element_type=\"widget\" data-widget_type=\"image.default\">\n\t\t\t\t<div class=\"elementor-widget-container\">\n\t\t\t\t\t\t\t\t\t\t\t\t\t\t\t<img loading=\"lazy\" decoding=\"async\" width=\"800\" height=\"519\" src=\"https:\/\/camaraimediatto.com.br\/2023\/wp-content\/uploads\/2023\/06\/Walcleia-Montenegro.jpg\" class=\"attachment-large size-large wp-image-302\" alt=\"\" srcset=\"https:\/\/camaraimediatto.com.br\/2023\/wp-content\/uploads\/2023\/06\/Walcleia-Montenegro.jpg 857w, https:\/\/camaraimediatto.com.br\/2023\/wp-content\/uploads\/2023\/06\/Walcleia-Montenegro-300x195.jpg 300w, https:\/\/camaraimediatto.com.br\/2023\/wp-content\/uploads\/2023\/06\/Walcleia-Montenegro-768x498.jpg 768w\" sizes=\"(max-width: 800px) 100vw, 800px\" \/>\t\t\t\t\t\t\t\t\t\t\t\t\t\t\t<\/div>\n\t\t\t\t<\/div>\n\t\t\t\t\t<\/div>\n\t\t<\/div>\n\t\t\t\t<div class=\"elementor-column elementor-col-50 elementor-inner-column elementor-element elementor-element-9c5d459\" data-id=\"9c5d459\" data-element_type=\"column\">\n\t\t\t<div class=\"elementor-widget-wrap elementor-element-populated\">\n\t\t\t\t\t\t<section class=\"elementor-section elementor-inner-section elementor-element elementor-element-eb8f431 elementor-section-boxed elementor-section-height-default elementor-section-height-default\" data-id=\"eb8f431\" data-element_type=\"section\">\n\t\t\t\t\t\t<div class=\"elementor-container elementor-column-gap-no\">\n\t\t\t\t\t<div class=\"elementor-column elementor-col-100 elementor-inner-column elementor-element elementor-element-cbbc8c6\" data-id=\"cbbc8c6\" data-element_type=\"column\" data-settings=\"{&quot;background_background&quot;:&quot;classic&quot;}\">\n\t\t\t<div class=\"elementor-widget-wrap elementor-element-populated\">\n\t\t\t\t\t\t<div class=\"elementor-element elementor-element-83d33b4 elementor-widget elementor-widget-heading\" data-id=\"83d33b4\" data-element_type=\"widget\" data-widget_type=\"heading.default\">\n\t\t\t\t<div class=\"elementor-widget-container\">\n\t\t\t\t\t<h6 class=\"elementor-heading-title elementor-size-default\">Forma\u00e7\u00e3o<\/h6>\t\t\t\t<\/div>\n\t\t\t\t<\/div>\n\t\t\t\t<div class=\"elementor-element elementor-element-519cd43 elementor-widget elementor-widget-heading\" data-id=\"519cd43\" data-element_type=\"widget\" data-widget_type=\"heading.default\">\n\t\t\t\t<div class=\"elementor-widget-container\">\n\t\t\t\t\t<p class=\"elementor-heading-title elementor-size-default\"><b>A<\/b>dvogada graduada pela Universidade Gama Filho, inscrita na OAB da Seccional do Estado do Rio de Janeiro;\n<br>\n<b>P<\/b>\u00f3s-graduada em Direito Eletr\u00f4nico pela Universidade Est\u00e1cio de S\u00e1, com \u00eanfase em Solu\u00e7\u00e3o Alternativa de Controv\u00e9rsias na Sociedade da Informa\u00e7\u00e3o \u2013 \u201cOn line Dispute Resolutions\u201d;\n<br>\n<b>M<\/b>ediadora Judicial e Extrajudicial formada pela AB C\u00c2MARA DE MEDIA\u00c7\u00c3O;\n<br>\n<b>M<\/b>ediadora Extrajudicial, Coaching na Media\u00e7\u00e3o, Implanta\u00e7\u00e3o e Secretariado em C\u00e2maras, capacitada pelo Centro de Mediadores- Instituto de Ensino;\n<br>\n<b>C<\/b>apacitada em An\u00e1lise Cient\u00edfica do Comportamento n\u00e3o verbal e metodologias de avalia\u00e7\u00e3o de credibilidade de conduta pelo CLUE-LAB Laborat\u00f3rio de Estudos em Desenvolvimento Humano.<\/p>\t\t\t\t<\/div>\n\t\t\t\t<\/div>\n\t\t\t\t\t<\/div>\n\t\t<\/div>\n\t\t\t\t\t<\/div>\n\t\t<\/section>\n\t\t\t\t<section class=\"elementor-section elementor-inner-section elementor-element elementor-element-917ee41 elementor-section-boxed elementor-section-height-default elementor-section-height-default\" data-id=\"917ee41\" data-element_type=\"section\">\n\t\t\t\t\t\t<div class=\"elementor-container elementor-column-gap-no\">\n\t\t\t\t\t<div class=\"elementor-column elementor-col-100 elementor-inner-column elementor-element elementor-element-b57f09d\" data-id=\"b57f09d\" data-element_type=\"column\" data-settings=\"{&quot;background_background&quot;:&quot;classic&quot;}\">\n\t\t\t<div class=\"elementor-widget-wrap elementor-element-populated\">\n\t\t\t\t\t\t<div class=\"elementor-element elementor-element-06255a4 elementor-widget elementor-widget-heading\" data-id=\"06255a4\" data-element_type=\"widget\" data-widget_type=\"heading.default\">\n\t\t\t\t<div class=\"elementor-widget-container\">\n\t\t\t\t\t<h6 class=\"elementor-heading-title elementor-size-default\">Qualifica\u00e7\u00f5es<\/h6>\t\t\t\t<\/div>\n\t\t\t\t<\/div>\n\t\t\t\t<div class=\"elementor-element elementor-element-748b278 elementor-widget elementor-widget-heading\" data-id=\"748b278\" data-element_type=\"widget\" data-widget_type=\"heading.default\">\n\t\t\t\t<div class=\"elementor-widget-container\">\n\t\t\t\t\t<p class=\"elementor-heading-title elementor-size-default\"><b>C<\/b>ompetente Mediadora Judicial com cadastrada no Tribunal de Justi\u00e7a do Estado do Rio de Janeiro \u2013 NUPEMEC, atuando junto ao Centro Judici\u00e1rio de Solu\u00e7\u00e3o de Conflitos e Cidadania \u2013 CEJUSC. Seu Cadastro de Conciliadores e Mediadores aprovado pelo CNJ lhe permite atuar tamb\u00e9m junto ao Tribunal de Justi\u00e7a do Estado de Santa Catariana.<\/p>\t\t\t\t<\/div>\n\t\t\t\t<\/div>\n\t\t\t\t\t<\/div>\n\t\t<\/div>\n\t\t\t\t\t<\/div>\n\t\t<\/section>\n\t\t\t\t<section class=\"elementor-section elementor-inner-section elementor-element elementor-element-e38dc9d elementor-section-boxed elementor-section-height-default elementor-section-height-default\" data-id=\"e38dc9d\" data-element_type=\"section\">\n\t\t\t\t\t\t<div class=\"elementor-container elementor-column-gap-no\">\n\t\t\t\t\t<div class=\"elementor-column elementor-col-100 elementor-inner-column elementor-element elementor-element-fb83fcc\" data-id=\"fb83fcc\" data-element_type=\"column\" data-settings=\"{&quot;background_background&quot;:&quot;classic&quot;}\">\n\t\t\t<div class=\"elementor-widget-wrap elementor-element-populated\">\n\t\t\t\t\t\t<div class=\"elementor-element elementor-element-c8179fa elementor-widget elementor-widget-heading\" data-id=\"c8179fa\" data-element_type=\"widget\" data-widget_type=\"heading.default\">\n\t\t\t\t<div class=\"elementor-widget-container\">\n\t\t\t\t\t<h6 class=\"elementor-heading-title elementor-size-default\">Experi\u00eancia<\/h6>\t\t\t\t<\/div>\n\t\t\t\t<\/div>\n\t\t\t\t<div class=\"elementor-element elementor-element-be27b91 elementor-widget elementor-widget-heading\" data-id=\"be27b91\" data-element_type=\"widget\" data-widget_type=\"heading.default\">\n\t\t\t\t<div class=\"elementor-widget-container\">\n\t\t\t\t\t<p class=\"elementor-heading-title elementor-size-default\"><b>C<\/b>ultiva fortes la\u00e7os com a advocacia colaborativa em busca de um desfecho consensual na esfera judicial.\n<br>\n<b>T<\/b>rabalhou no Escrit\u00f3rio de Advocacia militando na \u00e1rea criminal em parceria com Paulo S\u00e9rgio Gon\u00e7alves Gazula *\n<br>\n<b>C<\/b>arreira voltada para a esfera contenciosa do Direito, adquirindo experi\u00eancia na \u00e1rea do Direito de Fam\u00edlia quando exerceu a Fun\u00e7\u00e3o de Conciliadora nas quest\u00f5es atinentes ao Juizado Informal de Concilia\u00e7\u00e3o da Vara de Fam\u00edlia.\n<br>\n<b>F<\/b>oi membro da Comiss\u00e3o de Estudos de Direito Civil e no evento de Ciclo de Estudos de Direito Civil realizado na OAB\/RJ, 57\u00aa Subse\u00e7\u00e3o da Barra da Tijuca, palestrou sobre o tema \u201cA Fun\u00e7\u00e3o Punitiva do Dano Moral\u201d\n<br>\n<b>I<\/b>ntegrou os quadros da OAB\/RJ como \u201cDelegada da Comiss\u00e3o de Defesa, Assist\u00eancia e Prerrogativas do Advogado\u201d atuou junto \u00e0 Justi\u00e7a Estadual do Tribunal de Justi\u00e7a do Estado do Rio de Janeiro.\n<br>\n<b>N<\/b>o III Tribunal do J\u00fari do Tribunal de Justi\u00e7a do Estado do Rio de Janeiro recebeu o \u201cStatus\u201d de Jurada.<\/p>\t\t\t\t<\/div>\n\t\t\t\t<\/div>\n\t\t\t\t\t<\/div>\n\t\t<\/div>\n\t\t\t\t\t<\/div>\n\t\t<\/section>\n\t\t\t\t\t<\/div>\n\t\t<\/div>\n\t\t\t\t\t<\/div>\n\t\t<\/section>\n\t\t\t\t\t<\/div>\n\t\t<\/div>\n\t\t\t\t\t<\/div>\n\t\t<\/section>\n\t\t\t\t<section class=\"elementor-section elementor-top-section elementor-element elementor-element-3c51d309 elementor-section-full_width elementor-section-height-default elementor-section-height-default\" data-id=\"3c51d309\" data-element_type=\"section\">\n\t\t\t\t\t\t<div class=\"elementor-container elementor-column-gap-default\">\n\t\t\t\t\t<div class=\"elementor-column elementor-col-100 elementor-top-column elementor-element elementor-element-32ca6307\" data-id=\"32ca6307\" data-element_type=\"column\">\n\t\t\t<div class=\"elementor-widget-wrap\">\n\t\t\t\t\t\t\t<\/div>\n\t\t<\/div>\n\t\t\t\t\t<\/div>\n\t\t<\/section>\n\t\t\t\t<\/div>\n\t\t","protected":false},"excerpt":{"rendered":"<p>[ CAMARA IMEDIATTO ] Home [ CAMARA IMEDIATTO ] Nossa Equipe Carlos Eduardo M. Prado \u00c1rbitro, Negociador e Mediador SAIBA MAIS Daniel Batista St\u00e4helin Advogado e Mediador SAIBA MAIS Walcl\u00e9ia Montenegro Consultoria Jur\u00eddica, Mediadora e Advogad SAIBA MAIS [ CAMARA IMEDIATTO ] Nossa Equipe Carlos Eduardo M. Prado \u00c1rbitro, Negociador e Mediador SAIBA MAIS Daniel [&hellip;]<\/p>\n","protected":false},"author":1,"featured_media":0,"parent":0,"menu_order":0,"comment_status":"closed","ping_status":"closed","template":"elementor_header_footer","meta":{"footnotes":""},"class_list":["post-219","page","type-page","status-publish","hentry"],"_links":{"self":[{"href":"https:\/\/camaraimediatto.com.br\/2023\/wp-json\/wp\/v2\/pages\/219","targetHints":{"allow":["GET"]}}],"collection":[{"href":"https:\/\/camaraimediatto.com.br\/2023\/wp-json\/wp\/v2\/pages"}],"about":[{"href":"https:\/\/camaraimediatto.com.br\/2023\/wp-json\/wp\/v2\/types\/page"}],"author":[{"embeddable":true,"href":"https:\/\/camaraimediatto.com.br\/2023\/wp-json\/wp\/v2\/users\/1"}],"replies":[{"embeddable":true,"href":"https:\/\/camaraimediatto.com.br\/2023\/wp-json\/wp\/v2\/comments?post=219"}],"version-history":[{"count":68,"href":"https:\/\/camaraimediatto.com.br\/2023\/wp-json\/wp\/v2\/pages\/219\/revisions"}],"predecessor-version":[{"id":675,"href":"https:\/\/camaraimediatto.com.br\/2023\/wp-json\/wp\/v2\/pages\/219\/revisions\/675"}],"wp:attachment":[{"href":"https:\/\/camaraimediatto.com.br\/2023\/wp-json\/wp\/v2\/media?parent=219"}],"curies":[{"name":"wp","href":"https:\/\/api.w.org\/{rel}","templated":true}]}}